{"id":1960,"date":"2023-12-14T15:45:11","date_gmt":"2023-12-14T14:45:11","guid":{"rendered":"https:\/\/www.visitingmallorca.com\/alojamiento-vacacional-mallorca\/"},"modified":"2024-01-22T18:52:16","modified_gmt":"2024-01-22T17:52:16","slug":"ferienunterkuenfte-auf-mallorca","status":"publish","type":"page","link":"https:\/\/www.visitingmallorca.com\/de\/ferienunterkuenfte-auf-mallorca\/","title":{"rendered":"Ferienunterk\u00fcnfte auf Mallorca"},"content":{"rendered":"\n<div class=\"wp-block-genesis-blocks-gb-columns gb-slate-section-hero-title gpb-slate-section-hero-title gb-layout-columns-1 one-column gb-has-background-dim gb-has-background-dim-20 gb-background-cover gb-background-no-repeat gb-has-custom-background-color gb-has-custom-text-color gb-columns-center alignfull\" style=\"padding-top:5em;padding-right:1em;padding-bottom:5em;padding-left:1em;background-color:#1f1f1f;color:#f5f5f5;background-image:url(https:\/\/www.visitingmallorca.com\/wp-content\/uploads\/2023\/12\/cover.jpg);background-position:48% 72%\"><div class=\"gb-layout-column-wrap gb-block-layout-column-gap-1 gb-is-responsive-column\" style=\"max-width:1200px\">\n<div class=\"wp-block-genesis-blocks-gb-column gb-block-layout-column\"><div class=\"gb-block-layout-column-inner\">\n<div class=\"wp-block-genesis-blocks-gb-columns gb-layout-columns-2 gb-2-col-wideleft gb-columns-center alignfull\"><div class=\"gb-layout-column-wrap gb-block-layout-column-gap-8 gb-is-responsive-column\" style=\"max-width:1200px\">\n<div class=\"wp-block-genesis-blocks-gb-column gb-block-layout-column gb-is-vertically-aligned-top\"><div class=\"gb-block-layout-column-inner\">\n<h1 class=\"wp-block-heading has-text-color\" style=\"color:#f5f5f5;font-size:60px\">Ferienunterk\u00fcnfte auf Mallorca<\/h1>\n\n\n\n<p class=\"has-text-color\" style=\"color:#f5f5f5\">M\u00f6chten Sie an den goldenen Str\u00e4nden Mallorcas entspannen, die einzigartige Atmosph\u00e4re der Tapas-Bars genie\u00dfen oder die Insel mit dem Fahrrad erkunden? Machen Sie sich bereit f\u00fcr ein spannendes Abenteuer auf der Suche nach <strong>Ihrer idealen Unterkunft auf Mallorca<\/strong>.<\/p>\n<\/div><\/div>\n\n\n\n<div class=\"wp-block-genesis-blocks-gb-column gb-block-layout-column gb-is-vertically-aligned-center\"><div class=\"gb-block-layout-column-inner\">\n<p><\/p>\n<\/div><\/div>\n<\/div><\/div>\n<\/div><\/div>\n<\/div><\/div>\n\n\n\n<div class=\"wp-block-media-text alignfull is-stacked-on-mobile gb-slate-section-media-and-text gb-slate-section-media-text has-background\" style=\"background-color:#ededed\"><figure class=\"wp-block-media-text__media\"><img loading=\"lazy\" decoding=\"async\" width=\"750\" height=\"500\" src=\"https:\/\/www.visitingmallorca.com\/wp-content\/uploads\/2023\/12\/sv.jpg\" alt=\"\" class=\"wp-image-1701 size-full\" srcset=\"https:\/\/www.visitingmallorca.com\/wp-content\/uploads\/2023\/12\/sv.jpg 750w, https:\/\/www.visitingmallorca.com\/wp-content\/uploads\/2023\/12\/sv-300x200.jpg 300w, https:\/\/www.visitingmallorca.com\/wp-content\/uploads\/2023\/12\/sv-600x400.jpg 600w\" sizes=\"auto, (max-width: 750px) 100vw, 750px\" \/><\/figure><div class=\"wp-block-media-text__content\">\n<div style=\"height:20px\" aria-hidden=\"true\" class=\"wp-block-spacer\"><\/div>\n\n\n\n<h2 class=\"wp-block-heading has-text-color\" style=\"color:#1f1f1f\">Einzigartige Unterk\u00fcnfte f\u00fcr jeden Stil und Geschmack<\/h2>\n\n\n\n<p>Ob Sie nun Strandliebhaber, Geschichtsbegeisterter oder einfach nur auf der Suche nach kulinarischen Gen\u00fcssen auf Mallorca sind, wir stellen Ihnen die perfekte Unterkunft zur Verf\u00fcgung. <\/p>\n\n\n\n<p>Unser ausgew\u00e4hltes Angebot an Unterk\u00fcnften spiegelt die landschaftliche Vielfalt der Insel wider: von stilvollen Boutique-Hotels im Herzen der Stadt \u00fcber ruhige Villen in den beschaulichen Bergen der Sierra de Tramuntana bis hin zu Ferienwohnungen direkt am Strand.<\/p>\n<\/div><\/div>\n\n\n\n<div class=\"wp-block-genesis-blocks-gb-columns gpb-slate-section-hero-title gb-layout-columns-1 one-column gb-has-background-dim gb-has-background-dim-0 gb-background-contain gb-background-no-repeat gb-has-custom-text-color gb-columns-center alignfull\" style=\"margin-top:40px;margin-bottom:40px;padding-top:7em;padding-right:1em;padding-bottom:7em;padding-left:1em;color:#f5f5f5;background-image:url(https:\/\/www.visitingmallorca.com\/wp-content\/uploads\/2023\/12\/logos-c.png);background-position:47% 43%\"><div class=\"gb-layout-column-wrap gb-block-layout-column-gap-1 gb-is-responsive-column\" style=\"max-width:1200px\">\n<div class=\"wp-block-genesis-blocks-gb-column gb-block-layout-column\"><div class=\"gb-block-layout-column-inner\">\n<div class=\"wp-block-genesis-blocks-gb-columns gb-layout-columns-2 gb-2-col-wideleft gb-columns-center alignfull\"><div class=\"gb-layout-column-wrap gb-block-layout-column-gap-8 gb-is-responsive-column\" style=\"max-width:1200px\">\n<div class=\"wp-block-genesis-blocks-gb-column gb-block-layout-column gb-is-vertically-aligned-top\"><div class=\"gb-block-layout-column-inner\">\n<h2 class=\"wp-block-heading has-text-color\" style=\"color:#f5f5f5;font-size:60px\"><\/h2>\n\n\n\n<p class=\"has-text-color\" style=\"color:#f5f5f5\"><\/p>\n<\/div><\/div>\n\n\n\n<div class=\"wp-block-genesis-blocks-gb-column gb-block-layout-column gb-is-vertically-aligned-center\"><div class=\"gb-block-layout-column-inner\">\n<p><\/p>\n<\/div><\/div>\n<\/div><\/div>\n<\/div><\/div>\n<\/div><\/div>\n\n\n\n<div class=\"wp-block-genesis-blocks-gb-columns gb-slate-section-team-members gb-layout-team-1 gb-slate-team gb-layout-columns-1 one-column gb-has-custom-background-color gb-has-custom-text-color gb-columns-center alignfull\" style=\"padding-top:2em;padding-right:1em;padding-bottom:2em;padding-left:1em;background-color:#ededed;color:#1f1f1f\"><div class=\"gb-layout-column-wrap gb-block-layout-column-gap-2 gb-is-responsive-column\" style=\"max-width:1200px\">\n<div class=\"wp-block-genesis-blocks-gb-column gb-block-layout-column\"><div class=\"gb-block-layout-column-inner\">\n<div style=\"margin-bottom:5%\" class=\"wp-block-genesis-blocks-gb-container gb-block-container\"><div class=\"gb-container-inside\"><div class=\"gb-container-content\" style=\"max-width:840px\">\n<h2 class=\"wp-block-heading has-text-align-center has-text-color\" style=\"color:#1f1f1f;font-size:40px\">Eine Auswahl an bezaubernden Aufenthalten f\u00fcr ein unvergessliches Erlebnis<\/h2>\n\n\n\n<p class=\"has-text-align-center has-text-color\" style=\"color:#1f1f1f\">Ohne Umschweife stellen wir Ihnen die besten M\u00f6glichkeiten f\u00fcr einen Aufenthalt auf Mallorca vor, sorgf\u00e4ltig ausgew\u00e4hlt, um Ihnen ein unvergessliches Erlebnis zu garantieren.<\/p>\n<\/div><\/div><\/div>\n\n\n\n<div class=\"wp-block-genesis-blocks-gb-columns gb-layout-columns-3 gb-3-col-equal\"><div class=\"gb-layout-column-wrap gb-block-layout-column-gap-2 gb-is-responsive-column\">\n<div class=\"wp-block-genesis-blocks-gb-column gb-block-layout-column\"><div class=\"gb-block-layout-column-inner\">\n<div style=\"background-color:#ffffff;color:#1f1f1f\" class=\"wp-block-genesis-blocks-gb-profile-box square gb-has-avatar gb-font-size-18 gb-block-profile gb-profile-columns\"><div class=\"gb-profile-column gb-profile-avatar-wrap\"><div class=\"gb-profile-image-wrap\"><figure class=\"gb-profile-image-square\"><img loading=\"lazy\" decoding=\"async\" width=\"750\" height=\"500\" class=\"gb-profile-avatar wp-image-1735\" src=\"https:\/\/www.visitingmallorca.com\/wp-content\/uploads\/2023\/12\/villa-lux.jpg\" alt=\"\" srcset=\"https:\/\/www.visitingmallorca.com\/wp-content\/uploads\/2023\/12\/villa-lux.jpg 750w, https:\/\/www.visitingmallorca.com\/wp-content\/uploads\/2023\/12\/villa-lux-300x200.jpg 300w, https:\/\/www.visitingmallorca.com\/wp-content\/uploads\/2023\/12\/villa-lux-600x400.jpg 600w\" sizes=\"auto, (max-width: 750px) 100vw, 750px\" \/><\/figure><\/div><\/div><div class=\"gb-profile-column gb-profile-content-wrap\"><h2 class=\"gb-profile-name\" style=\"color:#1f1f1f\">Sealand Villas<\/h2><p class=\"gb-profile-title\" style=\"color:#1f1f1f\"><i class=\"fas fa-location-dot\"><\/i> Mallorca<br\/><i class=\"fas fa-globe\"><\/i> <a href=\"https:\/\/www.sealandvillas.com\/de\/?utm_source=visitingmallorca.com&amp;utm_medium=referral\">Offizielle Website<\/a><\/p><div class=\"gb-profile-text\"><p><\/p><\/div><ul class=\"gb-social-links\"><\/ul><\/div><\/div>\n<\/div><\/div>\n\n\n\n<div class=\"wp-block-genesis-blocks-gb-column gb-block-layout-column\"><div class=\"gb-block-layout-column-inner\">\n<div style=\"background-color:#ffffff;color:#1f1f1f\" class=\"wp-block-genesis-blocks-gb-profile-box square gb-has-avatar gb-font-size-18 gb-block-profile gb-profile-columns\"><div class=\"gb-profile-column gb-profile-avatar-wrap\"><div class=\"gb-profile-image-wrap\"><figure class=\"gb-profile-image-square\"><img loading=\"lazy\" decoding=\"async\" width=\"750\" height=\"500\" class=\"gb-profile-avatar wp-image-1758\" src=\"https:\/\/www.visitingmallorca.com\/wp-content\/uploads\/2023\/12\/mch.jpg\" alt=\"\" srcset=\"https:\/\/www.visitingmallorca.com\/wp-content\/uploads\/2023\/12\/mch.jpg 750w, https:\/\/www.visitingmallorca.com\/wp-content\/uploads\/2023\/12\/mch-300x200.jpg 300w, https:\/\/www.visitingmallorca.com\/wp-content\/uploads\/2023\/12\/mch-600x400.jpg 600w\" sizes=\"auto, (max-width: 750px) 100vw, 750px\" \/><\/figure><\/div><\/div><div class=\"gb-profile-column gb-profile-content-wrap\"><h2 class=\"gb-profile-name\" style=\"color:#1f1f1f\">Mar Calma Hotel <\/h2><p class=\"gb-profile-title\" style=\"color:#1f1f1f\"><i class=\"fas fa-location-dot\"><\/i> Puerto Pollensa<br\/><i class=\"fas fa-globe\"><\/i> <a href=\"https:\/\/www.marcalmahotel.com\/de\/?utm_source=visitingmallorca.com&amp;utm_medium=referral\">Offizielle Website<\/a><\/p><div class=\"gb-profile-text\"><p><\/p><\/div><ul class=\"gb-social-links\"><\/ul><\/div><\/div>\n<\/div><\/div>\n\n\n\n<div class=\"wp-block-genesis-blocks-gb-column gb-block-layout-column\"><div class=\"gb-block-layout-column-inner\">\n<div style=\"background-color:#ffffff;color:#1f1f1f\" class=\"wp-block-genesis-blocks-gb-profile-box square gb-has-avatar gb-font-size-18 gb-block-profile gb-profile-columns\"><div class=\"gb-profile-column gb-profile-avatar-wrap\"><div class=\"gb-profile-image-wrap\"><figure class=\"gb-profile-image-square\"><img loading=\"lazy\" decoding=\"async\" width=\"750\" height=\"500\" class=\"gb-profile-avatar wp-image-1769\" src=\"https:\/\/www.visitingmallorca.com\/wp-content\/uploads\/2023\/12\/bho.jpg\" alt=\"\" srcset=\"https:\/\/www.visitingmallorca.com\/wp-content\/uploads\/2023\/12\/bho.jpg 750w, https:\/\/www.visitingmallorca.com\/wp-content\/uploads\/2023\/12\/bho-300x200.jpg 300w, https:\/\/www.visitingmallorca.com\/wp-content\/uploads\/2023\/12\/bho-600x400.jpg 600w\" sizes=\"auto, (max-width: 750px) 100vw, 750px\" \/><\/figure><\/div><\/div><div class=\"gb-profile-column gb-profile-content-wrap\"><h2 class=\"gb-profile-name\" style=\"color:#1f1f1f\">Boutique Hotel Oriola <\/h2><p class=\"gb-profile-title\" style=\"color:#1f1f1f\"><i class=\"fas fa-location-dot\"><\/i> Cala San Vicente<br\/><i class=\"fas fa-globe\"><\/i> <a href=\"https:\/\/www.boutiquehoteloriola.com\/de\/?utm_source=visitingmallorca.com&amp;utm_medium=referral\">Offizielle Website<\/a><\/p><div class=\"gb-profile-text\"><p><\/p><\/div><ul class=\"gb-social-links\"><\/ul><\/div><\/div>\n<\/div><\/div>\n<\/div><\/div>\n\n\n\n<div class=\"wp-block-genesis-blocks-gb-columns gb-layout-columns-3 gb-3-col-equal\"><div class=\"gb-layout-column-wrap gb-block-layout-column-gap-2 gb-is-responsive-column\">\n<div class=\"wp-block-genesis-blocks-gb-column gb-block-layout-column\"><div class=\"gb-block-layout-column-inner\">\n<div style=\"background-color:#ffffff;color:#1f1f1f\" class=\"wp-block-genesis-blocks-gb-profile-box square gb-has-avatar gb-font-size-18 gb-block-profile gb-profile-columns\"><div class=\"gb-profile-column gb-profile-avatar-wrap\"><div class=\"gb-profile-image-wrap\"><figure class=\"gb-profile-image-square\"><img loading=\"lazy\" decoding=\"async\" width=\"750\" height=\"500\" class=\"gb-profile-avatar wp-image-1780\" src=\"https:\/\/www.visitingmallorca.com\/wp-content\/uploads\/2023\/12\/mbh.jpg\" alt=\"\" srcset=\"https:\/\/www.visitingmallorca.com\/wp-content\/uploads\/2023\/12\/mbh.jpg 750w, https:\/\/www.visitingmallorca.com\/wp-content\/uploads\/2023\/12\/mbh-300x200.jpg 300w, https:\/\/www.visitingmallorca.com\/wp-content\/uploads\/2023\/12\/mbh-600x400.jpg 600w\" sizes=\"auto, (max-width: 750px) 100vw, 750px\" \/><\/figure><\/div><\/div><div class=\"gb-profile-column gb-profile-content-wrap\"><h2 class=\"gb-profile-name\" style=\"color:#1f1f1f\">Mon Boutique Hotel <\/h2><p class=\"gb-profile-title\" style=\"color:#1f1f1f\"><i class=\"fas fa-location-dot\"><\/i> Pollensa<br\/><i class=\"fas fa-globe\"><\/i> <a href=\"https:\/\/www.monboutiquehotel.com\/?lang=de&amp;utm_source=visitingmallorca.com&amp;utm_medium=referral\">Offizielle Website<\/a><\/p><div class=\"gb-profile-text\"><p><\/p><\/div><ul class=\"gb-social-links\"><\/ul><\/div><\/div>\n<\/div><\/div>\n\n\n\n<div class=\"wp-block-genesis-blocks-gb-column gb-block-layout-column\"><div class=\"gb-block-layout-column-inner\">\n<div style=\"background-color:#ffffff;color:#1f1f1f\" class=\"wp-block-genesis-blocks-gb-profile-box square gb-has-avatar gb-font-size-18 gb-block-profile gb-profile-columns\"><div class=\"gb-profile-column gb-profile-avatar-wrap\"><div class=\"gb-profile-image-wrap\"><figure class=\"gb-profile-image-square\"><img loading=\"lazy\" decoding=\"async\" width=\"750\" height=\"500\" class=\"gb-profile-avatar wp-image-1784\" src=\"https:\/\/www.visitingmallorca.com\/wp-content\/uploads\/2023\/12\/mr.jpg\" alt=\"\" srcset=\"https:\/\/www.visitingmallorca.com\/wp-content\/uploads\/2023\/12\/mr.jpg 750w, https:\/\/www.visitingmallorca.com\/wp-content\/uploads\/2023\/12\/mr-300x200.jpg 300w, https:\/\/www.visitingmallorca.com\/wp-content\/uploads\/2023\/12\/mr-600x400.jpg 600w\" sizes=\"auto, (max-width: 750px) 100vw, 750px\" \/><\/figure><\/div><\/div><div class=\"gb-profile-column gb-profile-content-wrap\"><h2 class=\"gb-profile-name\" style=\"color:#1f1f1f\">Mon Restaurant<\/h2><p class=\"gb-profile-title\" style=\"color:#1f1f1f\"><i class=\"fas fa-location-dot\"><\/i> Pollensa<br\/><i class=\"fas fa-globe\"><\/i> <a href=\"https:\/\/www.monrestaurant.es\/de\/?utm_source=visitingmallorca.com&amp;utm_medium=referral\">Offizielle Website<\/a><\/p><div class=\"gb-profile-text\"><p><\/p><\/div><ul class=\"gb-social-links\"><\/ul><\/div><\/div>\n<\/div><\/div>\n\n\n\n<div class=\"wp-block-genesis-blocks-gb-column gb-block-layout-column\"><div class=\"gb-block-layout-column-inner\">\n<p><\/p>\n<\/div><\/div>\n<\/div><\/div>\n<\/div><\/div>\n<\/div><\/div>\n\n\n\n<div class=\"wp-block-genesis-blocks-gb-columns gb-layout-service-3 gb-layout-columns-2 gb-2-col-equal gb-columns-center alignfull\" style=\"padding-top:3%;padding-right:5%;padding-bottom:3%;padding-left:3%\"><div class=\"gb-layout-column-wrap gb-block-layout-column-gap-4 gb-is-responsive-column\" style=\"max-width:1200px\">\n<div class=\"wp-block-genesis-blocks-gb-column gb-block-layout-column\"><div class=\"gb-block-layout-column-inner\">\n<figure class=\"wp-block-image size-full\"><img loading=\"lazy\" decoding=\"async\" width=\"1024\" height=\"1024\" src=\"https:\/\/www.visitingmallorca.com\/wp-content\/uploads\/2023\/12\/sv-villa.jpg\" alt=\"\" class=\"wp-image-1905\" srcset=\"https:\/\/www.visitingmallorca.com\/wp-content\/uploads\/2023\/12\/sv-villa.jpg 1024w, https:\/\/www.visitingmallorca.com\/wp-content\/uploads\/2023\/12\/sv-villa-300x300.jpg 300w, https:\/\/www.visitingmallorca.com\/wp-content\/uploads\/2023\/12\/sv-villa-150x150.jpg 150w, https:\/\/www.visitingmallorca.com\/wp-content\/uploads\/2023\/12\/sv-villa-768x768.jpg 768w, https:\/\/www.visitingmallorca.com\/wp-content\/uploads\/2023\/12\/sv-villa-100x100.jpg 100w, https:\/\/www.visitingmallorca.com\/wp-content\/uploads\/2023\/12\/sv-villa-600x600.jpg 600w\" sizes=\"auto, (max-width: 1024px) 100vw, 1024px\" \/><\/figure>\n<\/div><\/div>\n\n\n\n<div class=\"wp-block-genesis-blocks-gb-column gb-block-layout-column gb-is-vertically-aligned-center\"><div class=\"gb-block-layout-column-inner\">\n<h2 class=\"wp-block-heading\">Sealand Villas<\/h2>\n\n\n\n<p>Seit 25 Jahren bietet Sealand Villas mediterranen Luxus in den sch\u00f6nsten Ecken Mallorcas. <\/p>\n\n\n\n<p>Die Auswahl an Villen verbindet traditionellen mallorquinischen Charme mit moderner Opulenz und ist damit <strong>perfekt f\u00fcr Familien, Paare und Gruppen von Freunden<\/strong>, die einen unvergesslichen Urlaub verbringen m\u00f6chten. <\/p>\n\n\n\n<p>Viele <strong>Villen verf\u00fcgen \u00fcber private Swimmingpools, gro\u00dfe G\u00e4rten <\/strong>und Annehmlichkeiten wie <strong>Barbecue, Tischtennisplatten oder Whirlpools<\/strong>, die f\u00fcr Entspannung und ein Gef\u00fchl der Abgeschiedenheit sorgen. Sie haben die Wahl zwischen rustikalen Landh\u00e4usern mit traditionellem Charme und mond\u00e4nen H\u00e4usern direkt am Strand. <\/p>\n\n\n\n<p>Sealand Villas bietet einzigartige Erlebnisse, <strong>die Luxus, Komfort und die authentische Sch\u00f6nheit Mallorcas miteinander verbinden<\/strong>. Eine Buchung bei Sealand Villas ist eine Einladung, einen Traumurlaub zu genie\u00dfen.<\/p>\n\n\n\n<div class=\"wp-block-genesis-blocks-gb-button gb-block-button\"><a href=\"https:\/\/www.sealandvillas.com\/de\/?utm_source=visitingmallorca.com&amp;utm_medium=referral\" class=\"gb-button gb-button-shape-rounded gb-button-size-medium\" style=\"color:#ffffff;background-color:#008285\">WEBSITE BESUCHEN<\/a><\/div>\n<\/div><\/div>\n<\/div><\/div>\n\n\n\n<hr class=\"wp-block-separator has-alpha-channel-opacity is-style-wide\"\/>\n\n\n\n<div class=\"wp-block-genesis-blocks-gb-columns gb-layout-service-3 gb-layout-columns-2 gb-2-col-equal gb-columns-center alignfull\" style=\"padding-top:3%;padding-right:5%;padding-bottom:3%;padding-left:3%\"><div class=\"gb-layout-column-wrap gb-block-layout-column-gap-4 gb-is-responsive-column\" style=\"max-width:1200px\">\n<div class=\"wp-block-genesis-blocks-gb-column gb-block-layout-column\"><div class=\"gb-block-layout-column-inner\">\n<figure class=\"wp-block-image size-full\"><img loading=\"lazy\" decoding=\"async\" width=\"1024\" height=\"1024\" src=\"https:\/\/www.visitingmallorca.com\/wp-content\/uploads\/2023\/12\/mch-hab.jpg\" alt=\"\" class=\"wp-image-1933\" srcset=\"https:\/\/www.visitingmallorca.com\/wp-content\/uploads\/2023\/12\/mch-hab.jpg 1024w, https:\/\/www.visitingmallorca.com\/wp-content\/uploads\/2023\/12\/mch-hab-300x300.jpg 300w, https:\/\/www.visitingmallorca.com\/wp-content\/uploads\/2023\/12\/mch-hab-150x150.jpg 150w, https:\/\/www.visitingmallorca.com\/wp-content\/uploads\/2023\/12\/mch-hab-768x768.jpg 768w, https:\/\/www.visitingmallorca.com\/wp-content\/uploads\/2023\/12\/mch-hab-100x100.jpg 100w, https:\/\/www.visitingmallorca.com\/wp-content\/uploads\/2023\/12\/mch-hab-600x600.jpg 600w\" sizes=\"auto, (max-width: 1024px) 100vw, 1024px\" \/><\/figure>\n<\/div><\/div>\n\n\n\n<div class=\"wp-block-genesis-blocks-gb-column gb-block-layout-column gb-is-vertically-aligned-center\"><div class=\"gb-block-layout-column-inner\">\n<h2 class=\"wp-block-heading\">Mar Calma Hotel<\/h2>\n\n\n\n<p>Das Hotel Mar Calma ist ein elegantes 4-Sterne-Boutique-Hotel im Herzen von Puerto Pollensa, <strong>nur wenige Gehminuten von dessen sch\u00f6nem Strand entfernt. <\/strong><\/p>\n\n\n\n<p>Die 20 liebevoll eingerichteten Zimmer verf\u00fcgen alle \u00fcber ein Kissenmen\u00fc, das f\u00fcr einen erholsamen Schlaf sorgt. Das Besondere an diesem Hotel ist die Dachterrasse, von der die G\u00e4ste einen <strong>Panoramablick auf die Bucht von Pollensa und die Serra de Tramuntana genie\u00dfen<\/strong> oder im Whirlpool entspannen k\u00f6nnen. <\/p>\n\n\n\n<p>Dar\u00fcber hinaus sind die kuriosen Skulpturen in der Lounge ein echter Blickfang. <strong>Das mit dem GreenLeaders-Siegel von TripAdvisor<\/strong> ausgezeichnete Hotel Mar Calma vereint Eleganz, Ruhe und Nachhaltigkeit und l\u00e4dt seine G\u00e4ste zu einem unvergesslichen Aufenthalt in einer der zauberhaftesten Ecken Mallorcas ein.<\/p>\n\n\n\n<div class=\"wp-block-genesis-blocks-gb-button gb-block-button\"><a href=\"https:\/\/www.marcalmahotel.com\/de\/?utm_source=visitingmallorca.com&amp;utm_medium=referral\" class=\"gb-button gb-button-shape-rounded gb-button-size-medium\" style=\"color:#ffffff;background-color:#008285\">WEBSITE BESUCHEN<\/a><\/div>\n<\/div><\/div>\n<\/div><\/div>\n\n\n\n<hr class=\"wp-block-separator has-alpha-channel-opacity is-style-wide\"\/>\n\n\n\n<div class=\"wp-block-genesis-blocks-gb-columns gb-layout-service-3 gb-layout-columns-2 gb-2-col-equal gb-columns-center alignfull\" style=\"padding-top:3%;padding-right:5%;padding-bottom:3%;padding-left:3%\"><div class=\"gb-layout-column-wrap gb-block-layout-column-gap-4 gb-is-responsive-column\" style=\"max-width:1200px\">\n<div class=\"wp-block-genesis-blocks-gb-column gb-block-layout-column\"><div class=\"gb-block-layout-column-inner\">\n<figure class=\"wp-block-image size-full\"><img loading=\"lazy\" decoding=\"async\" width=\"1024\" height=\"1024\" src=\"https:\/\/www.visitingmallorca.com\/wp-content\/uploads\/2023\/12\/bho-hot.jpg\" alt=\"\" class=\"wp-image-1937\" srcset=\"https:\/\/www.visitingmallorca.com\/wp-content\/uploads\/2023\/12\/bho-hot.jpg 1024w, https:\/\/www.visitingmallorca.com\/wp-content\/uploads\/2023\/12\/bho-hot-300x300.jpg 300w, https:\/\/www.visitingmallorca.com\/wp-content\/uploads\/2023\/12\/bho-hot-150x150.jpg 150w, https:\/\/www.visitingmallorca.com\/wp-content\/uploads\/2023\/12\/bho-hot-768x768.jpg 768w, https:\/\/www.visitingmallorca.com\/wp-content\/uploads\/2023\/12\/bho-hot-100x100.jpg 100w, https:\/\/www.visitingmallorca.com\/wp-content\/uploads\/2023\/12\/bho-hot-600x600.jpg 600w\" sizes=\"auto, (max-width: 1024px) 100vw, 1024px\" \/><\/figure>\n<\/div><\/div>\n\n\n\n<div class=\"wp-block-genesis-blocks-gb-column gb-block-layout-column gb-is-vertically-aligned-center\"><div class=\"gb-block-layout-column-inner\">\n<h2 class=\"wp-block-heading\">Boutique Hotel Oriola<\/h2>\n\n\n\n<p>Das Boutique-Hotel Oriola liegt <strong>nur 200 Meter vom malerischen Strand von Cala Molins entfernt<\/strong>, eingebettet in der ruhigen Lage von Cala San Vicente, und bietet ein einzigartiges Naturerlebnis. <\/p>\n\n\n\n<p>Umgeben von Pinienb\u00e4umen bietet das Hotel <strong>eine entspannende Atmosph\u00e4re, ideal f\u00fcr sonnige Tage. <\/strong><\/p>\n\n\n\n<p>Es verf\u00fcgt \u00fcber 23 Zimmer, die den typisch mallorquinischen Charme verspr\u00fchen, sowie Annehmlichkeiten wie einen Au\u00dfenpool und kostenloses WLAN, um allen G\u00e4sten ein unvergessliches Urlaubserlebnis zu bieten.<\/p>\n\n\n\n<div class=\"wp-block-genesis-blocks-gb-button gb-block-button\"><a href=\"https:\/\/www.boutiquehoteloriola.com\/de\/?utm_source=visitingmallorca.com&amp;utm_medium=referral\" class=\"gb-button gb-button-shape-rounded gb-button-size-medium\" style=\"color:#ffffff;background-color:#008285\">WEBSITE BESUCHEN<\/a><\/div>\n<\/div><\/div>\n<\/div><\/div>\n\n\n\n<hr class=\"wp-block-separator has-alpha-channel-opacity is-style-wide\"\/>\n\n\n\n<div class=\"wp-block-genesis-blocks-gb-columns gb-layout-service-3 gb-layout-columns-2 gb-2-col-equal gb-columns-center alignfull\" style=\"padding-top:3%;padding-right:5%;padding-bottom:3%;padding-left:3%\"><div class=\"gb-layout-column-wrap gb-block-layout-column-gap-4 gb-is-responsive-column\" style=\"max-width:1200px\">\n<div class=\"wp-block-genesis-blocks-gb-column gb-block-layout-column\"><div class=\"gb-block-layout-column-inner\">\n<figure class=\"wp-block-image size-full\"><img loading=\"lazy\" decoding=\"async\" width=\"1024\" height=\"1024\" src=\"https:\/\/www.visitingmallorca.com\/wp-content\/uploads\/2023\/12\/mbh-hab.jpg\" alt=\"\" class=\"wp-image-1941\" srcset=\"https:\/\/www.visitingmallorca.com\/wp-content\/uploads\/2023\/12\/mbh-hab.jpg 1024w, https:\/\/www.visitingmallorca.com\/wp-content\/uploads\/2023\/12\/mbh-hab-300x300.jpg 300w, https:\/\/www.visitingmallorca.com\/wp-content\/uploads\/2023\/12\/mbh-hab-150x150.jpg 150w, https:\/\/www.visitingmallorca.com\/wp-content\/uploads\/2023\/12\/mbh-hab-768x768.jpg 768w, https:\/\/www.visitingmallorca.com\/wp-content\/uploads\/2023\/12\/mbh-hab-100x100.jpg 100w, https:\/\/www.visitingmallorca.com\/wp-content\/uploads\/2023\/12\/mbh-hab-600x600.jpg 600w\" sizes=\"auto, (max-width: 1024px) 100vw, 1024px\" \/><\/figure>\n<\/div><\/div>\n\n\n\n<div class=\"wp-block-genesis-blocks-gb-column gb-block-layout-column gb-is-vertically-aligned-center\"><div class=\"gb-block-layout-column-inner\">\n<h2 class=\"wp-block-heading\">Mon Boutique Hotel<\/h2>\n\n\n\n<p>Das 4-Sterne-Hotel Mon Boutique liegt <strong>im Herzen der Altstadt von Pollensa<\/strong> und bietet ein exklusives und einzigartiges Ambiente. <\/p>\n\n\n\n<p>Dieses Hotel bietet die M\u00f6glichkeit, in das t\u00e4gliche Leben eines authentischen mediterranen Dorfes einzutauchen und dabei Ruhe und Gelassenheit zu finden. Die 18 <strong>elegant gestalteten Zimmer<\/strong> verf\u00fcgen \u00fcber Balkone mit Blick auf den Marktplatz, ger\u00e4umige Betten und Designer-M\u00f6bel. <\/p>\n\n\n\n<p>Bei Sonnenuntergang k\u00f6nnen die G\u00e4ste die Dachterrasse nutzen, um die atemberaubende Aussicht zu genie\u00dfen und <strong>ein erfrischendes Bad im Pool zu nehmen<\/strong>. <\/p>\n\n\n\n<p>Das Mon Boutique Hotel verspricht dank seines Stils, seines Komforts und seinem au\u00dfergew\u00f6hnlichen Service einen unvergesslichen Aufenthalt auf Mallorca.<\/p>\n\n\n\n<div class=\"wp-block-genesis-blocks-gb-button gb-block-button\"><a href=\"https:\/\/www.monboutiquehotel.com\/?lang=de&amp;utm_source=visitingmallorca.com&amp;utm_medium=referral\" class=\"gb-button gb-button-shape-rounded gb-button-size-medium\" style=\"color:#ffffff;background-color:#008285\">WEBSITE BESUCHEN<\/a><\/div>\n<\/div><\/div>\n<\/div><\/div>\n\n\n\n<hr class=\"wp-block-separator has-alpha-channel-opacity is-style-wide\"\/>\n\n\n\n<div class=\"wp-block-genesis-blocks-gb-columns gb-layout-service-3 gb-layout-columns-2 gb-2-col-equal gb-columns-center alignfull\" style=\"padding-top:3%;padding-right:5%;padding-bottom:3%;padding-left:3%\"><div class=\"gb-layout-column-wrap gb-block-layout-column-gap-4 gb-is-responsive-column\" style=\"max-width:1200px\">\n<div class=\"wp-block-genesis-blocks-gb-column gb-block-layout-column\"><div class=\"gb-block-layout-column-inner\">\n<figure class=\"wp-block-image size-full\"><img loading=\"lazy\" decoding=\"async\" width=\"1024\" height=\"1024\" src=\"https:\/\/www.visitingmallorca.com\/wp-content\/uploads\/2023\/12\/mr-pl.jpg\" alt=\"\" class=\"wp-image-1945\" srcset=\"https:\/\/www.visitingmallorca.com\/wp-content\/uploads\/2023\/12\/mr-pl.jpg 1024w, https:\/\/www.visitingmallorca.com\/wp-content\/uploads\/2023\/12\/mr-pl-300x300.jpg 300w, https:\/\/www.visitingmallorca.com\/wp-content\/uploads\/2023\/12\/mr-pl-150x150.jpg 150w, https:\/\/www.visitingmallorca.com\/wp-content\/uploads\/2023\/12\/mr-pl-768x768.jpg 768w, https:\/\/www.visitingmallorca.com\/wp-content\/uploads\/2023\/12\/mr-pl-100x100.jpg 100w, https:\/\/www.visitingmallorca.com\/wp-content\/uploads\/2023\/12\/mr-pl-600x600.jpg 600w\" sizes=\"auto, (max-width: 1024px) 100vw, 1024px\" \/><\/figure>\n<\/div><\/div>\n\n\n\n<div class=\"wp-block-genesis-blocks-gb-column gb-block-layout-column gb-is-vertically-aligned-center\"><div class=\"gb-block-layout-column-inner\">\n<h2 class=\"wp-block-heading\">Mon Restaurant<\/h2>\n\n\n\n<p>Mon Restaurant bietet ein einzigartiges kulinarisches Erlebnis mit <strong>einer Auswahl an k\u00f6stlichen Tapas<\/strong>, die von einem erfahrenen K\u00fcchenchef zubereitet werden. <\/p>\n\n\n\n<p>Jedes Gericht ist <strong>eine harmonische Mischung aus Aromen, die die kulinarischen Traditionen der Region widerspiegeln<\/strong>. <\/p>\n\n\n\n<p>Mon Restaurant ist sowohl f\u00fcr erfahrene Feinschmecker als auch f\u00fcr gastronomische Neueinsteiger geeignet und l\u00e4d zum Genie\u00dfen der exquisiten Aromen von Mallorca ein.<\/p>\n\n\n\n<div class=\"wp-block-genesis-blocks-gb-button gb-block-button\"><a href=\"https:\/\/www.monrestaurant.es\/de\/?utm_source=visitingmallorca.com&amp;utm_medium=referral\" class=\"gb-button gb-button-shape-rounded gb-button-size-medium\" style=\"color:#ffffff;background-color:#008285\">WEBSITE BESUCHEN<\/a><\/div>\n<\/div><\/div>\n<\/div><\/div>\n\n\n\n<hr class=\"wp-block-separator has-alpha-channel-opacity is-style-wide\"\/>\n\n\n\n<div class=\"wp-block-genesis-blocks-gb-columns gb-slate-section-feature-text-columns gb-slate-feature-text-columns gb-layout-columns-1 one-column gb-has-custom-background-color gb-has-custom-text-color gb-columns-center alignfull\" style=\"padding-top:2em;padding-right:1em;padding-bottom:2em;padding-left:1em;background-color:#ffffff;color:#1f1f1f\"><div class=\"gb-layout-column-wrap gb-block-layout-column-gap-2 gb-is-responsive-column\" style=\"max-width:1200px\">\n<div class=\"wp-block-genesis-blocks-gb-column gb-block-layout-column\"><div class=\"gb-block-layout-column-inner\">\n<div class=\"wp-block-genesis-blocks-gb-columns gb-layout-columns-1 one-column gb-columns-center\"><div class=\"gb-layout-column-wrap gb-block-layout-column-gap-2 gb-is-responsive-column\" style=\"max-width:840px\">\n<div class=\"wp-block-genesis-blocks-gb-column gb-block-layout-column\"><div class=\"gb-block-layout-column-inner\">\n<h2 class=\"wp-block-heading has-text-align-center has-text-color\" style=\"color:#1f1f1f;font-size:40px\">Die besten Ferienunterk\u00fcnfte auf Mallorca finden<\/h2>\n\n\n\n<p class=\"has-text-align-center has-text-color\" style=\"color:#1f1f1f\">Die Wahl der perfekten Ferienunterkunft auf Mallorca ist der Schl\u00fcssel, um mehr von dieser wunderbaren Insel zu erleben. Hier bieten wir Ihnen einen detaillierten Leitfaden, um die Option zu finden, die Ihren Bed\u00fcrfnissen und Erwartungen am besten entspricht.<\/p>\n<\/div><\/div>\n<\/div><\/div>\n<\/div><\/div>\n<\/div><\/div>\n\n\n\n<div class=\"wp-block-genesis-blocks-gb-columns gb-slate-section-numbered-list-and-image gb-layout-columns-1 gb-1-col-equal gb-has-custom-background-color gb-has-custom-text-color gb-columns-center alignfull\" style=\"padding-top:2em;padding-right:1em;padding-bottom:2em;padding-left:1em;background-color:#ffffff;color:#1f1f1f\"><div class=\"gb-layout-column-wrap gb-block-layout-column-gap-3 gb-is-responsive-column\" style=\"max-width:1200px\">\n<div class=\"wp-block-genesis-blocks-gb-column gb-block-layout-column gb-is-vertically-aligned-center\"><div class=\"gb-block-layout-column-inner\">\n<ol class=\"gpb-number-list wp-block-list\">\n<li><strong>Strategische Lage<\/strong><br>W\u00e4hlen Sie einen Ort, der zu Ihren Pl\u00e4nen passt: Suchen Sie Entspannung? Entscheiden Sie sich f\u00fcr ruhige Gegenden oder f\u00fcr Abenteuer und Tourismus? Bevorzugen Sie Orte in der N\u00e4he der wichtigsten Attraktionen. Mallorca ist vielf\u00e4ltig: von den bezaubernden Str\u00e4nden bis hin zu den atemberaubenden Bergen und historischen St\u00e4dten.<\/li>\n\n\n\n<li><strong>Vielf\u00e4ltige Unterkunftsm\u00f6glichkeiten<\/strong><br>Mallorca bietet Hotels, Wohnungen, Landh\u00e4user und Luxusvillen. M\u00f6chten Sie eine einzigartige Urlaubserfahrung machen? Dann sollten Sie einen Aufenthalt in einer l\u00e4ndlichen Finca oder einem Agroturismus in Erw\u00e4gung ziehen, um die lokale Kultur n\u00e4her kennenzulernen.<\/li>\n\n\n\n<li><strong>Angemessenes Budget<\/strong><br>Bestimmen Sie Ihr Budget, indem Sie nicht nur die Kosten f\u00fcr die Unterkunft, sondern auch zus\u00e4tzliche Ausgaben ber\u00fccksichtigen. Mallorca bietet Angebote f\u00fcr jeden Geldbeutel.<\/li>\n\n\n\n<li><strong>Wesentliche Annehmlichkeiten und Dienstleistungen<\/strong><br>Was brauchen Sie f\u00fcr einen komfortablen Aufenthalt? Wi-Fi, Klimaanlage, Swimmingpool, Jacuzzi? Setzen Sie Priorit\u00e4ten, was f\u00fcr Sie wichtig ist.<\/li>\n\n\n\n<li><strong>Platz und Privatsph\u00e4re<\/strong><br>Wenn Sie in einer Gruppe reisen, achten Sie auf die Gr\u00f6\u00dfe und Aufteilung der Unterkunft. Privatsph\u00e4re und Komfort sind wichtig.<\/li>\n\n\n\n<li><strong>Bewertungen<\/strong><br>Informieren Sie sich \u00fcber die Erfahrungen und Kommentare anderer Touristen. So k\u00f6nnen Sie sich ein genaueres Bild davon machen, was Sie erwartet.<\/li>\n\n\n\n<li><strong>Garantierte Sicherheit<\/strong><br>W\u00e4hlen Sie Unterk\u00fcnfte in sicheren Gegenden Mallorcas und pr\u00fcfen Sie die angebotenen Sicherheitsma\u00dfnahmen. Vergewissern Sie sich, dass Sie problemlos mit der betreffenden Unterkunftsfirma Kontakt aufnehmen k\u00f6nnen.<\/li>\n\n\n\n<li><strong>Barrierefreiheit<\/strong><br>Wenn Sie auf besondere Mobilit\u00e4t angewiesen sind, pr\u00fcfen Sie die Barrierefreiheit der Unterkunft.<\/li>\n\n\n\n<li><strong>Reisesaison<\/strong><br>Ber\u00fccksichtigen Sie bei der Planung Ihrer Reise die Haupt- und Nebensaison auf Mallorca.<\/li>\n\n\n\n<li><strong>Aktivit\u00e4ten vor Ort<\/strong><br>W\u00e4hlen Sie eine Unterkunft, die Ihnen einen leichten Zugang zu den Aktivit\u00e4ten erm\u00f6glicht, die Sie auf der Insel unternehmen m\u00f6chten.<\/li>\n<\/ol>\n<\/div><\/div>\n<\/div><\/div>\n\n\n\n<div class=\"wp-block-genesis-blocks-gb-columns gb-slate-section-text-with-cta gb-slate-text-with-cta gb-layout-columns-1 gb-1-col-equal gb-has-background-dim gb-has-background-dim-30 gb-has-custom-background-color gb-has-custom-text-color gb-columns-center alignfull\" style=\"padding-top:9em;padding-right:1em;padding-bottom:9em;padding-left:1em;background-color:#1f1f1f;color:#f5f5f5;background-position:50% 52%\"><div class=\"gb-layout-column-wrap gb-block-layout-column-gap-3 gb-is-responsive-column\" style=\"max-width:872px\">\n<div class=\"wp-block-genesis-blocks-gb-column gb-block-layout-column\"><div class=\"gb-block-layout-column-inner\">\n<h2 class=\"wp-block-heading has-text-align-center has-text-color\" style=\"color:#f5f5f5;font-size:40px\">Ihre ideale Unterkunft auf Mallorca<\/h2>\n\n\n\n<h2 class=\"wp-block-heading has-text-align-center has-text-color\" style=\"color:#f5f5f5;font-size:40px\">W\u00e4hlen und genie\u00dfen!<\/h2>\n\n\n\n<p class=\"has-text-align-center has-text-color\" style=\"color:#f5f5f5\">Mit diesem Leitfaden finden Sie die perfekte Ferienunterkunft auf Mallorca, die Ihren W\u00fcnschen und Bed\u00fcrfnissen entspricht und Ihnen ein unvergessliches Urlaubserlebnis garantiert.<\/p>\n\n\n\n<p class=\"has-text-align-center\">Beginnen Sie Ihre Urlaubstage im Rhythmus der Meereswellen, genie\u00dfen Sie die sternenklaren N\u00e4chte mit einem erfrischenden Glas Sangria und tauchen Sie in die lokale Kultur ein. Vergessen Sie Ihre Sonnencreme nicht, bringen eine Portion Abenteuerlust mit und machen Sie sich bereit f\u00fcr Ihre Reise in das Herz des Mittelmeers. Auf nach Mallorca!<\/p>\n\n\n\n<div class=\"wp-block-buttons is-horizontal is-content-justification-center is-layout-flex wp-container-core-buttons-is-layout-499968f5 wp-block-buttons-is-layout-flex\"><\/div>\n<\/div><\/div>\n<\/div><\/div>\n","protected":false},"excerpt":{"rendered":"","protected":false},"author":1,"featured_media":0,"parent":0,"menu_order":0,"comment_status":"closed","ping_status":"closed","template":"","meta":{"_genesis_hide_title":true,"_genesis_hide_breadcrumbs":true,"_genesis_hide_singular_image":false,"_genesis_hide_footer_widgets":false,"_genesis_custom_body_class":"","_genesis_custom_post_class":"","_genesis_layout":"full-width-content","footnotes":""},"class_list":{"0":"post-1960","1":"page","2":"type-page","3":"status-publish","5":"entry","6":"has-post-thumbnail"},"yoast_head":"<!-- This site is optimized with the Yoast SEO plugin v27.5 - https:\/\/yoast.com\/product\/yoast-seo-wordpress\/ -->\n<title>Ferienunterk\u00fcnfte auf Mallorca<\/title>\n<meta name=\"description\" content=\"Entdecken Sie die besten Ferienunterk\u00fcnfte auf Mallorca: vom Boutique-Hotel bis zur ruhigen Villa, genie\u00dfen Sie ein unvergessliches Erlebnis mit unseren ausgew\u00e4hlten Unterk\u00fcnften!\" \/>\n<meta name=\"robots\" content=\"index, follow, max-snippet:-1, max-image-preview:large, max-video-preview:-1\" \/>\n<link rel=\"canonical\" href=\"https:\/\/www.visitingmallorca.com\/de\/ferienunterkuenfte-auf-mallorca\/\" \/>\n<meta property=\"og:locale\" content=\"de_DE\" \/>\n<meta property=\"og:type\" content=\"article\" \/>\n<meta property=\"og:title\" content=\"Ferienunterk\u00fcnfte auf Mallorca\" \/>\n<meta property=\"og:description\" content=\"Entdecken Sie die besten Ferienunterk\u00fcnfte auf Mallorca: vom Boutique-Hotel bis zur ruhigen Villa, genie\u00dfen Sie ein unvergessliches Erlebnis mit unseren ausgew\u00e4hlten Unterk\u00fcnften!\" \/>\n<meta property=\"og:url\" content=\"https:\/\/www.visitingmallorca.com\/de\/ferienunterkuenfte-auf-mallorca\/\" \/>\n<meta property=\"og:site_name\" content=\"Visiting Mallorca\" \/>\n<meta property=\"article:modified_time\" content=\"2024-01-22T17:52:16+00:00\" \/>\n<meta property=\"og:image\" content=\"https:\/\/www.visitingmallorca.com\/wp-content\/uploads\/2023\/12\/sv.jpg\" \/>\n<meta name=\"twitter:card\" content=\"summary_large_image\" \/>\n<meta name=\"twitter:label1\" content=\"Gesch\u00e4tzte Lesezeit\" \/>\n\t<meta name=\"twitter:data1\" content=\"7\u00a0Minuten\" \/>\n<script type=\"application\/ld+json\" class=\"yoast-schema-graph\">{\"@context\":\"https:\\\/\\\/schema.org\",\"@graph\":[{\"@type\":\"WebPage\",\"@id\":\"https:\\\/\\\/www.visitingmallorca.com\\\/de\\\/ferienunterkuenfte-auf-mallorca\\\/\",\"url\":\"https:\\\/\\\/www.visitingmallorca.com\\\/de\\\/ferienunterkuenfte-auf-mallorca\\\/\",\"name\":\"Ferienunterk\u00fcnfte auf Mallorca\",\"isPartOf\":{\"@id\":\"https:\\\/\\\/www.visitingmallorca.com\\\/de\\\/#website\"},\"primaryImageOfPage\":{\"@id\":\"https:\\\/\\\/www.visitingmallorca.com\\\/de\\\/ferienunterkuenfte-auf-mallorca\\\/#primaryimage\"},\"image\":{\"@id\":\"https:\\\/\\\/www.visitingmallorca.com\\\/de\\\/ferienunterkuenfte-auf-mallorca\\\/#primaryimage\"},\"thumbnailUrl\":\"https:\\\/\\\/www.visitingmallorca.com\\\/wp-content\\\/uploads\\\/2023\\\/12\\\/sv.jpg\",\"datePublished\":\"2023-12-14T14:45:11+00:00\",\"dateModified\":\"2024-01-22T17:52:16+00:00\",\"description\":\"Entdecken Sie die besten Ferienunterk\u00fcnfte auf Mallorca: vom Boutique-Hotel bis zur ruhigen Villa, genie\u00dfen Sie ein unvergessliches Erlebnis mit unseren ausgew\u00e4hlten Unterk\u00fcnften!\",\"breadcrumb\":{\"@id\":\"https:\\\/\\\/www.visitingmallorca.com\\\/de\\\/ferienunterkuenfte-auf-mallorca\\\/#breadcrumb\"},\"inLanguage\":\"de\",\"potentialAction\":[{\"@type\":\"ReadAction\",\"target\":[\"https:\\\/\\\/www.visitingmallorca.com\\\/de\\\/ferienunterkuenfte-auf-mallorca\\\/\"]}]},{\"@type\":\"ImageObject\",\"inLanguage\":\"de\",\"@id\":\"https:\\\/\\\/www.visitingmallorca.com\\\/de\\\/ferienunterkuenfte-auf-mallorca\\\/#primaryimage\",\"url\":\"https:\\\/\\\/www.visitingmallorca.com\\\/wp-content\\\/uploads\\\/2023\\\/12\\\/sv.jpg\",\"contentUrl\":\"https:\\\/\\\/www.visitingmallorca.com\\\/wp-content\\\/uploads\\\/2023\\\/12\\\/sv.jpg\"},{\"@type\":\"BreadcrumbList\",\"@id\":\"https:\\\/\\\/www.visitingmallorca.com\\\/de\\\/ferienunterkuenfte-auf-mallorca\\\/#breadcrumb\",\"itemListElement\":[{\"@type\":\"ListItem\",\"position\":1,\"name\":\"Home\",\"item\":\"https:\\\/\\\/www.visitingmallorca.com\\\/de\\\/\"},{\"@type\":\"ListItem\",\"position\":2,\"name\":\"Ferienunterk\u00fcnfte auf Mallorca\"}]},{\"@type\":\"WebSite\",\"@id\":\"https:\\\/\\\/www.visitingmallorca.com\\\/de\\\/#website\",\"url\":\"https:\\\/\\\/www.visitingmallorca.com\\\/de\\\/\",\"name\":\"Visiting Mallorca\",\"description\":\"\",\"publisher\":{\"@id\":\"https:\\\/\\\/www.visitingmallorca.com\\\/de\\\/#organization\"},\"potentialAction\":[{\"@type\":\"SearchAction\",\"target\":{\"@type\":\"EntryPoint\",\"urlTemplate\":\"https:\\\/\\\/www.visitingmallorca.com\\\/de\\\/?s={search_term_string}\"},\"query-input\":{\"@type\":\"PropertyValueSpecification\",\"valueRequired\":true,\"valueName\":\"search_term_string\"}}],\"inLanguage\":\"de\"},{\"@type\":\"Organization\",\"@id\":\"https:\\\/\\\/www.visitingmallorca.com\\\/de\\\/#organization\",\"name\":\"Visiting Mallorca\",\"url\":\"https:\\\/\\\/www.visitingmallorca.com\\\/de\\\/\",\"logo\":{\"@type\":\"ImageObject\",\"inLanguage\":\"de\",\"@id\":\"https:\\\/\\\/www.visitingmallorca.com\\\/de\\\/#\\\/schema\\\/logo\\\/image\\\/\",\"url\":\"https:\\\/\\\/www.visitingmallorca.com\\\/wp-content\\\/uploads\\\/2022\\\/06\\\/cropped-logo.png\",\"contentUrl\":\"https:\\\/\\\/www.visitingmallorca.com\\\/wp-content\\\/uploads\\\/2022\\\/06\\\/cropped-logo.png\",\"width\":1822,\"height\":399,\"caption\":\"Visiting Mallorca\"},\"image\":{\"@id\":\"https:\\\/\\\/www.visitingmallorca.com\\\/de\\\/#\\\/schema\\\/logo\\\/image\\\/\"}}]}<\/script>\n<!-- \/ Yoast SEO plugin. -->","yoast_head_json":{"title":"Ferienunterk\u00fcnfte auf Mallorca","description":"Entdecken Sie die besten Ferienunterk\u00fcnfte auf Mallorca: vom Boutique-Hotel bis zur ruhigen Villa, genie\u00dfen Sie ein unvergessliches Erlebnis mit unseren ausgew\u00e4hlten Unterk\u00fcnften!","robots":{"index":"index","follow":"follow","max-snippet":"max-snippet:-1","max-image-preview":"max-image-preview:large","max-video-preview":"max-video-preview:-1"},"canonical":"https:\/\/www.visitingmallorca.com\/de\/ferienunterkuenfte-auf-mallorca\/","og_locale":"de_DE","og_type":"article","og_title":"Ferienunterk\u00fcnfte auf Mallorca","og_description":"Entdecken Sie die besten Ferienunterk\u00fcnfte auf Mallorca: vom Boutique-Hotel bis zur ruhigen Villa, genie\u00dfen Sie ein unvergessliches Erlebnis mit unseren ausgew\u00e4hlten Unterk\u00fcnften!","og_url":"https:\/\/www.visitingmallorca.com\/de\/ferienunterkuenfte-auf-mallorca\/","og_site_name":"Visiting Mallorca","article_modified_time":"2024-01-22T17:52:16+00:00","og_image":[{"url":"https:\/\/www.visitingmallorca.com\/wp-content\/uploads\/2023\/12\/sv.jpg","type":"","width":"","height":""}],"twitter_card":"summary_large_image","twitter_misc":{"Gesch\u00e4tzte Lesezeit":"7\u00a0Minuten"},"schema":{"@context":"https:\/\/schema.org","@graph":[{"@type":"WebPage","@id":"https:\/\/www.visitingmallorca.com\/de\/ferienunterkuenfte-auf-mallorca\/","url":"https:\/\/www.visitingmallorca.com\/de\/ferienunterkuenfte-auf-mallorca\/","name":"Ferienunterk\u00fcnfte auf Mallorca","isPartOf":{"@id":"https:\/\/www.visitingmallorca.com\/de\/#website"},"primaryImageOfPage":{"@id":"https:\/\/www.visitingmallorca.com\/de\/ferienunterkuenfte-auf-mallorca\/#primaryimage"},"image":{"@id":"https:\/\/www.visitingmallorca.com\/de\/ferienunterkuenfte-auf-mallorca\/#primaryimage"},"thumbnailUrl":"https:\/\/www.visitingmallorca.com\/wp-content\/uploads\/2023\/12\/sv.jpg","datePublished":"2023-12-14T14:45:11+00:00","dateModified":"2024-01-22T17:52:16+00:00","description":"Entdecken Sie die besten Ferienunterk\u00fcnfte auf Mallorca: vom Boutique-Hotel bis zur ruhigen Villa, genie\u00dfen Sie ein unvergessliches Erlebnis mit unseren ausgew\u00e4hlten Unterk\u00fcnften!","breadcrumb":{"@id":"https:\/\/www.visitingmallorca.com\/de\/ferienunterkuenfte-auf-mallorca\/#breadcrumb"},"inLanguage":"de","potentialAction":[{"@type":"ReadAction","target":["https:\/\/www.visitingmallorca.com\/de\/ferienunterkuenfte-auf-mallorca\/"]}]},{"@type":"ImageObject","inLanguage":"de","@id":"https:\/\/www.visitingmallorca.com\/de\/ferienunterkuenfte-auf-mallorca\/#primaryimage","url":"https:\/\/www.visitingmallorca.com\/wp-content\/uploads\/2023\/12\/sv.jpg","contentUrl":"https:\/\/www.visitingmallorca.com\/wp-content\/uploads\/2023\/12\/sv.jpg"},{"@type":"BreadcrumbList","@id":"https:\/\/www.visitingmallorca.com\/de\/ferienunterkuenfte-auf-mallorca\/#breadcrumb","itemListElement":[{"@type":"ListItem","position":1,"name":"Home","item":"https:\/\/www.visitingmallorca.com\/de\/"},{"@type":"ListItem","position":2,"name":"Ferienunterk\u00fcnfte auf Mallorca"}]},{"@type":"WebSite","@id":"https:\/\/www.visitingmallorca.com\/de\/#website","url":"https:\/\/www.visitingmallorca.com\/de\/","name":"Visiting Mallorca","description":"","publisher":{"@id":"https:\/\/www.visitingmallorca.com\/de\/#organization"},"potentialAction":[{"@type":"SearchAction","target":{"@type":"EntryPoint","urlTemplate":"https:\/\/www.visitingmallorca.com\/de\/?s={search_term_string}"},"query-input":{"@type":"PropertyValueSpecification","valueRequired":true,"valueName":"search_term_string"}}],"inLanguage":"de"},{"@type":"Organization","@id":"https:\/\/www.visitingmallorca.com\/de\/#organization","name":"Visiting Mallorca","url":"https:\/\/www.visitingmallorca.com\/de\/","logo":{"@type":"ImageObject","inLanguage":"de","@id":"https:\/\/www.visitingmallorca.com\/de\/#\/schema\/logo\/image\/","url":"https:\/\/www.visitingmallorca.com\/wp-content\/uploads\/2022\/06\/cropped-logo.png","contentUrl":"https:\/\/www.visitingmallorca.com\/wp-content\/uploads\/2022\/06\/cropped-logo.png","width":1822,"height":399,"caption":"Visiting Mallorca"},"image":{"@id":"https:\/\/www.visitingmallorca.com\/de\/#\/schema\/logo\/image\/"}}]}},"featured_image_src":null,"featured_image_src_square":null,"_links":{"self":[{"href":"https:\/\/www.visitingmallorca.com\/de\/wp-json\/wp\/v2\/pages\/1960","targetHints":{"allow":["GET"]}}],"collection":[{"href":"https:\/\/www.visitingmallorca.com\/de\/wp-json\/wp\/v2\/pages"}],"about":[{"href":"https:\/\/www.visitingmallorca.com\/de\/wp-json\/wp\/v2\/types\/page"}],"author":[{"embeddable":true,"href":"https:\/\/www.visitingmallorca.com\/de\/wp-json\/wp\/v2\/users\/1"}],"replies":[{"embeddable":true,"href":"https:\/\/www.visitingmallorca.com\/de\/wp-json\/wp\/v2\/comments?post=1960"}],"version-history":[{"count":12,"href":"https:\/\/www.visitingmallorca.com\/de\/wp-json\/wp\/v2\/pages\/1960\/revisions"}],"predecessor-version":[{"id":2028,"href":"https:\/\/www.visitingmallorca.com\/de\/wp-json\/wp\/v2\/pages\/1960\/revisions\/2028"}],"wp:attachment":[{"href":"https:\/\/www.visitingmallorca.com\/de\/wp-json\/wp\/v2\/media?parent=1960"}],"curies":[{"name":"wp","href":"https:\/\/api.w.org\/{rel}","templated":true}]}}