{"id":1687,"date":"2023-12-14T15:45:11","date_gmt":"2023-12-14T14:45:11","guid":{"rendered":"https:\/\/www.visitingmallorca.com\/?page_id=1687"},"modified":"2024-01-22T18:55:48","modified_gmt":"2024-01-22T17:55:48","slug":"alojamiento-vacacional-mallorca","status":"publish","type":"page","link":"https:\/\/www.visitingmallorca.com\/es\/alojamiento-vacacional-mallorca\/","title":{"rendered":"Alojamiento Vacacional Mallorca"},"content":{"rendered":"\n<div class=\"wp-block-genesis-blocks-gb-columns gb-slate-section-hero-title gpb-slate-section-hero-title gb-layout-columns-1 one-column gb-has-background-dim gb-has-background-dim-20 gb-background-cover gb-background-no-repeat gb-has-custom-background-color gb-has-custom-text-color gb-columns-center alignfull\" style=\"padding-top:5em;padding-right:1em;padding-bottom:5em;padding-left:1em;background-color:#1f1f1f;color:#f5f5f5;background-image:url(https:\/\/www.visitingmallorca.com\/wp-content\/uploads\/2023\/12\/cover.jpg);background-position:48% 72%\"><div class=\"gb-layout-column-wrap gb-block-layout-column-gap-1 gb-is-responsive-column\" style=\"max-width:1200px\">\n<div class=\"wp-block-genesis-blocks-gb-column gb-block-layout-column\"><div class=\"gb-block-layout-column-inner\">\n<div class=\"wp-block-genesis-blocks-gb-columns gb-layout-columns-2 gb-2-col-wideleft gb-columns-center alignfull\"><div class=\"gb-layout-column-wrap gb-block-layout-column-gap-8 gb-is-responsive-column\" style=\"max-width:1200px\">\n<div class=\"wp-block-genesis-blocks-gb-column gb-block-layout-column gb-is-vertically-aligned-top\"><div class=\"gb-block-layout-column-inner\">\n<h1 class=\"wp-block-heading has-text-color\" style=\"color:#f5f5f5;font-size:60px\">Alojamiento Vacacional en Mallorca<\/h1>\n\n\n\n<p class=\"has-text-color\" style=\"color:#f5f5f5\">\u00bfTe atrae la idea de relajarte en las doradas playas de Mallorca, disfrutando del ambiente \u00fanico de sus bares de tapas? \u00bfO quiz\u00e1 te apetecer\u00eda explorar la isla en bicicleta? Prep\u00e1rate para una emocionante aventura en la b\u00fasqueda de <strong>tu alojamiento ideal en Mallorca.<\/strong><\/p>\n<\/div><\/div>\n\n\n\n<div class=\"wp-block-genesis-blocks-gb-column gb-block-layout-column gb-is-vertically-aligned-center\"><div class=\"gb-block-layout-column-inner\">\n<p><\/p>\n<\/div><\/div>\n<\/div><\/div>\n<\/div><\/div>\n<\/div><\/div>\n\n\n\n<div class=\"wp-block-media-text alignfull is-stacked-on-mobile gb-slate-section-media-and-text gb-slate-section-media-text has-background\" style=\"background-color:#ededed\"><figure class=\"wp-block-media-text__media\"><img loading=\"lazy\" decoding=\"async\" width=\"750\" height=\"500\" src=\"https:\/\/www.visitingmallorca.com\/wp-content\/uploads\/2023\/12\/sv.jpg\" alt=\"\" class=\"wp-image-1701 size-full\" srcset=\"https:\/\/www.visitingmallorca.com\/wp-content\/uploads\/2023\/12\/sv.jpg 750w, https:\/\/www.visitingmallorca.com\/wp-content\/uploads\/2023\/12\/sv-300x200.jpg 300w, https:\/\/www.visitingmallorca.com\/wp-content\/uploads\/2023\/12\/sv-600x400.jpg 600w\" sizes=\"auto, (max-width: 750px) 100vw, 750px\" \/><\/figure><div class=\"wp-block-media-text__content\">\n<div style=\"height:20px\" aria-hidden=\"true\" class=\"wp-block-spacer\"><\/div>\n\n\n\n<h2 class=\"wp-block-heading has-text-color\" style=\"color:#1f1f1f\">Alojamientos \u00fanicos para cada estilo y gusto<\/h2>\n\n\n\n<p class=\"has-text-color\" style=\"color:#1f1f1f\">Ya seas un amante de las playas, un aficionado a la historia, o simplemente alguien en busca de experiencias culinarias mallorquinas, tenemos la opci\u00f3n perfecta para ti. <\/p>\n\n\n\n<p class=\"has-text-color\" style=\"color:#1f1f1f\">Nuestra selecta gama de alojamientos refleja la diversidad de los paisajes de la isla: desde elegantes hoteles boutique en el coraz\u00f3n de la ciudad, hasta tranquilas villas en las serenas monta\u00f1as de la Sierra de Tramuntana, as\u00ed como apartamentos vacacionales frente a la playa.<\/p>\n<\/div><\/div>\n\n\n\n<div class=\"wp-block-genesis-blocks-gb-columns gpb-slate-section-hero-title gb-layout-columns-1 one-column gb-has-background-dim gb-has-background-dim-0 gb-background-contain gb-background-no-repeat gb-has-custom-text-color gb-columns-center alignfull\" style=\"margin-top:40px;margin-bottom:40px;padding-top:7em;padding-right:1em;padding-bottom:7em;padding-left:1em;color:#f5f5f5;background-image:url(https:\/\/www.visitingmallorca.com\/wp-content\/uploads\/2023\/12\/logos-c.png);background-position:47% 43%\"><div class=\"gb-layout-column-wrap gb-block-layout-column-gap-1 gb-is-responsive-column\" style=\"max-width:1200px\">\n<div class=\"wp-block-genesis-blocks-gb-column gb-block-layout-column\"><div class=\"gb-block-layout-column-inner\">\n<div class=\"wp-block-genesis-blocks-gb-columns gb-layout-columns-2 gb-2-col-wideleft gb-columns-center alignfull\"><div class=\"gb-layout-column-wrap gb-block-layout-column-gap-8 gb-is-responsive-column\" style=\"max-width:1200px\">\n<div class=\"wp-block-genesis-blocks-gb-column gb-block-layout-column gb-is-vertically-aligned-top\"><div class=\"gb-block-layout-column-inner\">\n<h2 class=\"wp-block-heading has-text-color\" style=\"color:#f5f5f5;font-size:60px\"><\/h2>\n\n\n\n<p class=\"has-text-color\" style=\"color:#f5f5f5\"><\/p>\n<\/div><\/div>\n\n\n\n<div class=\"wp-block-genesis-blocks-gb-column gb-block-layout-column gb-is-vertically-aligned-center\"><div class=\"gb-block-layout-column-inner\">\n<p><\/p>\n<\/div><\/div>\n<\/div><\/div>\n<\/div><\/div>\n<\/div><\/div>\n\n\n\n<div class=\"wp-block-genesis-blocks-gb-columns gb-slate-section-team-members gb-layout-team-1 gb-slate-team gb-layout-columns-1 one-column gb-has-custom-background-color gb-has-custom-text-color gb-columns-center alignfull\" style=\"padding-top:2em;padding-right:1em;padding-bottom:2em;padding-left:1em;background-color:#ededed;color:#1f1f1f\"><div class=\"gb-layout-column-wrap gb-block-layout-column-gap-2 gb-is-responsive-column\" style=\"max-width:1200px\">\n<div class=\"wp-block-genesis-blocks-gb-column gb-block-layout-column\"><div class=\"gb-block-layout-column-inner\">\n<div style=\"margin-bottom:5%\" class=\"wp-block-genesis-blocks-gb-container gb-block-container\"><div class=\"gb-container-inside\"><div class=\"gb-container-content\" style=\"max-width:840px\">\n<h2 class=\"wp-block-heading has-text-align-center has-text-color\" style=\"color:#1f1f1f;font-size:40px\">Selecci\u00f3n de estancias encantadoras para una experiencia inolvidable<\/h2>\n\n\n\n<p class=\"has-text-align-center has-text-color\" style=\"color:#1f1f1f\">Sin m\u00e1s pre\u00e1mbulos, te presentamos nuestras opciones de estancia en Mallorca, cuidadosamente seleccionadas para proporcionarte una experiencia inolvidable.<\/p>\n<\/div><\/div><\/div>\n\n\n\n<div class=\"wp-block-genesis-blocks-gb-columns gb-layout-columns-3 gb-3-col-equal\"><div class=\"gb-layout-column-wrap gb-block-layout-column-gap-2 gb-is-responsive-column\">\n<div class=\"wp-block-genesis-blocks-gb-column gb-block-layout-column\"><div class=\"gb-block-layout-column-inner\">\n<div style=\"background-color:#ffffff;color:#1f1f1f\" class=\"wp-block-genesis-blocks-gb-profile-box square gb-has-avatar gb-font-size-18 gb-block-profile gb-profile-columns\"><div class=\"gb-profile-column gb-profile-avatar-wrap\"><div class=\"gb-profile-image-wrap\"><figure class=\"gb-profile-image-square\"><img loading=\"lazy\" decoding=\"async\" width=\"750\" height=\"500\" class=\"gb-profile-avatar wp-image-1735\" src=\"https:\/\/www.visitingmallorca.com\/wp-content\/uploads\/2023\/12\/villa-lux.jpg\" alt=\"\" srcset=\"https:\/\/www.visitingmallorca.com\/wp-content\/uploads\/2023\/12\/villa-lux.jpg 750w, https:\/\/www.visitingmallorca.com\/wp-content\/uploads\/2023\/12\/villa-lux-300x200.jpg 300w, https:\/\/www.visitingmallorca.com\/wp-content\/uploads\/2023\/12\/villa-lux-600x400.jpg 600w\" sizes=\"auto, (max-width: 750px) 100vw, 750px\" \/><\/figure><\/div><\/div><div class=\"gb-profile-column gb-profile-content-wrap\"><h2 class=\"gb-profile-name\" style=\"color:#1f1f1f\">Sealand Villas<\/h2><p class=\"gb-profile-title\" style=\"color:#1f1f1f\"><i class=\"fas fa-location-dot\"><\/i> Mallorca<br\/><i class=\"fas fa-globe\"><\/i> <a href=\"https:\/\/www.sealandvillas.com\/es?utm_source=visitingmallorca.com&amp;utm_medium=referral\">Web Oficial<\/a><\/p><div class=\"gb-profile-text\"><p><\/p><\/div><ul class=\"gb-social-links\"><\/ul><\/div><\/div>\n<\/div><\/div>\n\n\n\n<div class=\"wp-block-genesis-blocks-gb-column gb-block-layout-column\"><div class=\"gb-block-layout-column-inner\">\n<div style=\"background-color:#ffffff;color:#1f1f1f\" class=\"wp-block-genesis-blocks-gb-profile-box square gb-has-avatar gb-font-size-18 gb-block-profile gb-profile-columns\"><div class=\"gb-profile-column gb-profile-avatar-wrap\"><div class=\"gb-profile-image-wrap\"><figure class=\"gb-profile-image-square\"><img loading=\"lazy\" decoding=\"async\" width=\"750\" height=\"500\" class=\"gb-profile-avatar wp-image-1758\" src=\"https:\/\/www.visitingmallorca.com\/wp-content\/uploads\/2023\/12\/mch.jpg\" alt=\"\" srcset=\"https:\/\/www.visitingmallorca.com\/wp-content\/uploads\/2023\/12\/mch.jpg 750w, https:\/\/www.visitingmallorca.com\/wp-content\/uploads\/2023\/12\/mch-300x200.jpg 300w, https:\/\/www.visitingmallorca.com\/wp-content\/uploads\/2023\/12\/mch-600x400.jpg 600w\" sizes=\"auto, (max-width: 750px) 100vw, 750px\" \/><\/figure><\/div><\/div><div class=\"gb-profile-column gb-profile-content-wrap\"><h2 class=\"gb-profile-name\" style=\"color:#1f1f1f\">Mar Calma Hotel <\/h2><p class=\"gb-profile-title\" style=\"color:#1f1f1f\"><i class=\"fas fa-location-dot\"><\/i> Puerto Pollensa<br\/><i class=\"fas fa-globe\"><\/i> <a href=\"https:\/\/www.marcalmahotel.com\/es?utm_source=visitingmallorca.com&amp;utm_medium=referral\">Web Oficial<\/a><\/p><div class=\"gb-profile-text\"><p><\/p><\/div><ul class=\"gb-social-links\"><\/ul><\/div><\/div>\n<\/div><\/div>\n\n\n\n<div class=\"wp-block-genesis-blocks-gb-column gb-block-layout-column\"><div class=\"gb-block-layout-column-inner\">\n<div style=\"background-color:#ffffff;color:#1f1f1f\" class=\"wp-block-genesis-blocks-gb-profile-box square gb-has-avatar gb-font-size-18 gb-block-profile gb-profile-columns\"><div class=\"gb-profile-column gb-profile-avatar-wrap\"><div class=\"gb-profile-image-wrap\"><figure class=\"gb-profile-image-square\"><img loading=\"lazy\" decoding=\"async\" width=\"750\" height=\"500\" class=\"gb-profile-avatar wp-image-1769\" src=\"https:\/\/www.visitingmallorca.com\/wp-content\/uploads\/2023\/12\/bho.jpg\" alt=\"\" srcset=\"https:\/\/www.visitingmallorca.com\/wp-content\/uploads\/2023\/12\/bho.jpg 750w, https:\/\/www.visitingmallorca.com\/wp-content\/uploads\/2023\/12\/bho-300x200.jpg 300w, https:\/\/www.visitingmallorca.com\/wp-content\/uploads\/2023\/12\/bho-600x400.jpg 600w\" sizes=\"auto, (max-width: 750px) 100vw, 750px\" \/><\/figure><\/div><\/div><div class=\"gb-profile-column gb-profile-content-wrap\"><h2 class=\"gb-profile-name\" style=\"color:#1f1f1f\">Boutique Hotel Oriola <\/h2><p class=\"gb-profile-title\" style=\"color:#1f1f1f\"><i class=\"fas fa-location-dot\"><\/i> Cala San Vicente<br\/><i class=\"fas fa-globe\"><\/i> <a href=\"https:\/\/www.boutiquehoteloriola.com\/es\/?utm_source=visitingmallorca.com&amp;utm_medium=referral\">Web Oficial<\/a><\/p><div class=\"gb-profile-text\"><p><\/p><\/div><ul class=\"gb-social-links\"><\/ul><\/div><\/div>\n<\/div><\/div>\n<\/div><\/div>\n\n\n\n<div class=\"wp-block-genesis-blocks-gb-columns gb-layout-columns-3 gb-3-col-equal\"><div class=\"gb-layout-column-wrap gb-block-layout-column-gap-2 gb-is-responsive-column\">\n<div class=\"wp-block-genesis-blocks-gb-column gb-block-layout-column\"><div class=\"gb-block-layout-column-inner\">\n<div style=\"background-color:#ffffff;color:#1f1f1f\" class=\"wp-block-genesis-blocks-gb-profile-box square gb-has-avatar gb-font-size-18 gb-block-profile gb-profile-columns\"><div class=\"gb-profile-column gb-profile-avatar-wrap\"><div class=\"gb-profile-image-wrap\"><figure class=\"gb-profile-image-square\"><img loading=\"lazy\" decoding=\"async\" width=\"750\" height=\"500\" class=\"gb-profile-avatar wp-image-1780\" src=\"https:\/\/www.visitingmallorca.com\/wp-content\/uploads\/2023\/12\/mbh.jpg\" alt=\"\" srcset=\"https:\/\/www.visitingmallorca.com\/wp-content\/uploads\/2023\/12\/mbh.jpg 750w, https:\/\/www.visitingmallorca.com\/wp-content\/uploads\/2023\/12\/mbh-300x200.jpg 300w, https:\/\/www.visitingmallorca.com\/wp-content\/uploads\/2023\/12\/mbh-600x400.jpg 600w\" sizes=\"auto, (max-width: 750px) 100vw, 750px\" \/><\/figure><\/div><\/div><div class=\"gb-profile-column gb-profile-content-wrap\"><h2 class=\"gb-profile-name\" style=\"color:#1f1f1f\">Mon Boutique Hotel <\/h2><p class=\"gb-profile-title\" style=\"color:#1f1f1f\"><i class=\"fas fa-location-dot\"><\/i> Pollensa<br\/><i class=\"fas fa-globe\"><\/i> <a href=\"https:\/\/www.monboutiquehotel.com\/?lang=es&amp;utm_source=visitingmallorca.com&amp;utm_medium=referral\">Web Oficial<\/a><\/p><div class=\"gb-profile-text\"><p><\/p><\/div><ul class=\"gb-social-links\"><\/ul><\/div><\/div>\n<\/div><\/div>\n\n\n\n<div class=\"wp-block-genesis-blocks-gb-column gb-block-layout-column\"><div class=\"gb-block-layout-column-inner\">\n<div style=\"background-color:#ffffff;color:#1f1f1f\" class=\"wp-block-genesis-blocks-gb-profile-box square gb-has-avatar gb-font-size-18 gb-block-profile gb-profile-columns\"><div class=\"gb-profile-column gb-profile-avatar-wrap\"><div class=\"gb-profile-image-wrap\"><figure class=\"gb-profile-image-square\"><img loading=\"lazy\" decoding=\"async\" width=\"750\" height=\"500\" class=\"gb-profile-avatar wp-image-1784\" src=\"https:\/\/www.visitingmallorca.com\/wp-content\/uploads\/2023\/12\/mr.jpg\" alt=\"\" srcset=\"https:\/\/www.visitingmallorca.com\/wp-content\/uploads\/2023\/12\/mr.jpg 750w, https:\/\/www.visitingmallorca.com\/wp-content\/uploads\/2023\/12\/mr-300x200.jpg 300w, https:\/\/www.visitingmallorca.com\/wp-content\/uploads\/2023\/12\/mr-600x400.jpg 600w\" sizes=\"auto, (max-width: 750px) 100vw, 750px\" \/><\/figure><\/div><\/div><div class=\"gb-profile-column gb-profile-content-wrap\"><h2 class=\"gb-profile-name\" style=\"color:#1f1f1f\">Mon Restaurant<\/h2><p class=\"gb-profile-title\" style=\"color:#1f1f1f\"><i class=\"fas fa-location-dot\"><\/i> Pollensa<br\/><i class=\"fas fa-globe\"><\/i> <a href=\"https:\/\/www.monrestaurant.es\/?utm_source=visitingmallorca.com&amp;utm_medium=referral\">Web Oficial<\/a><\/p><div class=\"gb-profile-text\"><p><\/p><\/div><ul class=\"gb-social-links\"><\/ul><\/div><\/div>\n<\/div><\/div>\n\n\n\n<div class=\"wp-block-genesis-blocks-gb-column gb-block-layout-column\"><div class=\"gb-block-layout-column-inner\">\n<p><\/p>\n<\/div><\/div>\n<\/div><\/div>\n<\/div><\/div>\n<\/div><\/div>\n\n\n\n<div class=\"wp-block-genesis-blocks-gb-columns gb-layout-service-3 gb-layout-columns-2 gb-2-col-equal gb-columns-center alignfull\" style=\"padding-top:3%;padding-right:5%;padding-bottom:3%;padding-left:3%\"><div class=\"gb-layout-column-wrap gb-block-layout-column-gap-4 gb-is-responsive-column\" style=\"max-width:1200px\">\n<div class=\"wp-block-genesis-blocks-gb-column gb-block-layout-column\"><div class=\"gb-block-layout-column-inner\">\n<figure class=\"wp-block-image size-full\"><img loading=\"lazy\" decoding=\"async\" width=\"1024\" height=\"1024\" src=\"https:\/\/www.visitingmallorca.com\/wp-content\/uploads\/2023\/12\/sv-villa.jpg\" alt=\"\" class=\"wp-image-1905\" srcset=\"https:\/\/www.visitingmallorca.com\/wp-content\/uploads\/2023\/12\/sv-villa.jpg 1024w, https:\/\/www.visitingmallorca.com\/wp-content\/uploads\/2023\/12\/sv-villa-300x300.jpg 300w, https:\/\/www.visitingmallorca.com\/wp-content\/uploads\/2023\/12\/sv-villa-150x150.jpg 150w, https:\/\/www.visitingmallorca.com\/wp-content\/uploads\/2023\/12\/sv-villa-768x768.jpg 768w, https:\/\/www.visitingmallorca.com\/wp-content\/uploads\/2023\/12\/sv-villa-100x100.jpg 100w, https:\/\/www.visitingmallorca.com\/wp-content\/uploads\/2023\/12\/sv-villa-600x600.jpg 600w\" sizes=\"auto, (max-width: 1024px) 100vw, 1024px\" \/><\/figure>\n<\/div><\/div>\n\n\n\n<div class=\"wp-block-genesis-blocks-gb-column gb-block-layout-column gb-is-vertically-aligned-center\"><div class=\"gb-block-layout-column-inner\">\n<h2 class=\"wp-block-heading\">Sealand Villas<\/h2>\n\n\n\n<p>Con 25 a\u00f1os de experiencia, Sealand Villas ofrece lujo mediterr\u00e1neo en los rincones m\u00e1s encantadores de Mallorca.<\/p>\n\n\n\n<p>Su selecci\u00f3n de villas combina el encanto tradicional de Mallorca con la opulencia moderna, siendo <strong>perfectas para familias, parejas y grupos de amigos<\/strong> en busca de una escapada memorable.<\/p>\n\n\n\n<p>Muchas <strong>villas cuentan con piscina privada, amplios jardi<\/strong>nes y comodidades tales como <strong>barbacoas, mesas de tenis o jacuzzis<\/strong>, garantizando serenidad y privacidad. Pod\u00e9is elegir desde casas de campo con encanto r\u00fastico, hasta sofisticadas propiedades en primera l\u00ednea de playa.<\/p>\n\n\n\n<p>Sealand Villas crea experiencias \u00fanicas que <strong>combinan lujo, comodidad y la aut\u00e9ntica belleza de Mallorca<\/strong>. Reservar con Sealand Villas es una invitaci\u00f3n a disfrutar de unas vacaciones de ensue\u00f1o.<\/p>\n\n\n\n<div class=\"wp-block-genesis-blocks-gb-button gb-block-button\"><a href=\"https:\/\/www.sealandvillas.com\/es?utm_source=visitingmallorca.com&amp;utm_medium=referral\" class=\"gb-button gb-button-shape-rounded gb-button-size-medium\" style=\"color:#ffffff;background-color:#008285\">VISITA LA WEB<\/a><\/div>\n<\/div><\/div>\n<\/div><\/div>\n\n\n\n<hr class=\"wp-block-separator has-alpha-channel-opacity is-style-wide\"\/>\n\n\n\n<div class=\"wp-block-genesis-blocks-gb-columns gb-layout-service-3 gb-layout-columns-2 gb-2-col-equal gb-columns-center alignfull\" style=\"padding-top:3%;padding-right:5%;padding-bottom:3%;padding-left:3%\"><div class=\"gb-layout-column-wrap gb-block-layout-column-gap-4 gb-is-responsive-column\" style=\"max-width:1200px\">\n<div class=\"wp-block-genesis-blocks-gb-column gb-block-layout-column\"><div class=\"gb-block-layout-column-inner\">\n<figure class=\"wp-block-image size-full\"><img loading=\"lazy\" decoding=\"async\" width=\"1024\" height=\"1024\" src=\"https:\/\/www.visitingmallorca.com\/wp-content\/uploads\/2023\/12\/mch-hab.jpg\" alt=\"\" class=\"wp-image-1933\" srcset=\"https:\/\/www.visitingmallorca.com\/wp-content\/uploads\/2023\/12\/mch-hab.jpg 1024w, https:\/\/www.visitingmallorca.com\/wp-content\/uploads\/2023\/12\/mch-hab-300x300.jpg 300w, https:\/\/www.visitingmallorca.com\/wp-content\/uploads\/2023\/12\/mch-hab-150x150.jpg 150w, https:\/\/www.visitingmallorca.com\/wp-content\/uploads\/2023\/12\/mch-hab-768x768.jpg 768w, https:\/\/www.visitingmallorca.com\/wp-content\/uploads\/2023\/12\/mch-hab-100x100.jpg 100w, https:\/\/www.visitingmallorca.com\/wp-content\/uploads\/2023\/12\/mch-hab-600x600.jpg 600w\" sizes=\"auto, (max-width: 1024px) 100vw, 1024px\" \/><\/figure>\n<\/div><\/div>\n\n\n\n<div class=\"wp-block-genesis-blocks-gb-column gb-block-layout-column gb-is-vertically-aligned-center\"><div class=\"gb-block-layout-column-inner\">\n<h2 class=\"wp-block-heading\">Mar Calma Hotel<\/h2>\n\n\n\n<p>El Hotel Mar Calma es un elegante establecimiento boutique de 4 estrellas, situado en el coraz\u00f3n de Puerto Pollensa, <strong>a corta distancia de su hermosa playa.<\/strong><\/p>\n\n\n\n<p>Con 20 habitaciones cuidadosamente decoradas, cada una ofrece un men\u00fa de almohadas para garantizar un descanso excepcional. Si hay algo por lo que se distingue a este hotel es por <strong>su azotea, donde los hu\u00e9spedes pueden admirar las vistas panor\u00e1micas de la bah\u00eda de Pollensa y la Serra de Tramuntana<\/strong>, o relajarse en el jacuzzi.<\/p>\n\n\n\n<p>Adem\u00e1s, llaman la atenci\u00f3n las curiosas esculturas en el sal\u00f3n. <strong>Reconocido con el sello GreenLeaders de TripAdvisor<\/strong>, el Hotel Mar Calma combina elegancia, tranquilidad y sostenibilidad, invitando a los visitantes a una estancia inolvidable en uno de los rincones m\u00e1s m\u00e1gicos de Mallorca.<\/p>\n\n\n\n<div class=\"wp-block-genesis-blocks-gb-button gb-block-button\"><a href=\"https:\/\/www.marcalmahotel.com\/es?utm_source=visitingmallorca.com&amp;utm_medium=referral\" class=\"gb-button gb-button-shape-rounded gb-button-size-medium\" style=\"color:#ffffff;background-color:#008285\">VISITA LA WEB<\/a><\/div>\n<\/div><\/div>\n<\/div><\/div>\n\n\n\n<hr class=\"wp-block-separator has-alpha-channel-opacity is-style-wide\"\/>\n\n\n\n<div class=\"wp-block-genesis-blocks-gb-columns gb-layout-service-3 gb-layout-columns-2 gb-2-col-equal gb-columns-center alignfull\" style=\"padding-top:3%;padding-right:5%;padding-bottom:3%;padding-left:3%\"><div class=\"gb-layout-column-wrap gb-block-layout-column-gap-4 gb-is-responsive-column\" style=\"max-width:1200px\">\n<div class=\"wp-block-genesis-blocks-gb-column gb-block-layout-column\"><div class=\"gb-block-layout-column-inner\">\n<figure class=\"wp-block-image size-full\"><img loading=\"lazy\" decoding=\"async\" width=\"1024\" height=\"1024\" src=\"https:\/\/www.visitingmallorca.com\/wp-content\/uploads\/2023\/12\/bho-hot.jpg\" alt=\"\" class=\"wp-image-1937\" srcset=\"https:\/\/www.visitingmallorca.com\/wp-content\/uploads\/2023\/12\/bho-hot.jpg 1024w, https:\/\/www.visitingmallorca.com\/wp-content\/uploads\/2023\/12\/bho-hot-300x300.jpg 300w, https:\/\/www.visitingmallorca.com\/wp-content\/uploads\/2023\/12\/bho-hot-150x150.jpg 150w, https:\/\/www.visitingmallorca.com\/wp-content\/uploads\/2023\/12\/bho-hot-768x768.jpg 768w, https:\/\/www.visitingmallorca.com\/wp-content\/uploads\/2023\/12\/bho-hot-100x100.jpg 100w, https:\/\/www.visitingmallorca.com\/wp-content\/uploads\/2023\/12\/bho-hot-600x600.jpg 600w\" sizes=\"auto, (max-width: 1024px) 100vw, 1024px\" \/><\/figure>\n<\/div><\/div>\n\n\n\n<div class=\"wp-block-genesis-blocks-gb-column gb-block-layout-column gb-is-vertically-aligned-center\"><div class=\"gb-block-layout-column-inner\">\n<h2 class=\"wp-block-heading\">Boutique Hotel Oriola<\/h2>\n\n\n\n<p>El Boutique Hotel Oriola de 3 estrellas, situado <strong>a solo 200 metros de la pintoresca playa de Cala Molins<\/strong>, en la tranquila zona de Cala San Vicente, ofrece una experiencia sensorial \u00fanica.<\/p>\n\n\n\n<p>Rodeado de pinos, el hotel brinda <strong>una atm\u00f3sfera relajante, ideal para disfrutar en d\u00edas soleados<\/strong>. <\/p>\n\n\n\n<p>Dispone de 23 habitaciones que capturan el encanto t\u00edpico de Mallorca, y ofrece comodidades como una piscina al aire libre y Wi-Fi gratuito, asegurando una experiencia memorable para todos los hu\u00e9spedes.<\/p>\n\n\n\n<div class=\"wp-block-genesis-blocks-gb-button gb-block-button\"><a href=\"https:\/\/www.boutiquehoteloriola.com\/es\/?utm_source=visitingmallorca.com&amp;utm_medium=referral\" class=\"gb-button gb-button-shape-rounded gb-button-size-medium\" style=\"color:#ffffff;background-color:#008285\">VISITA LA WEB<\/a><\/div>\n<\/div><\/div>\n<\/div><\/div>\n\n\n\n<hr class=\"wp-block-separator has-alpha-channel-opacity is-style-wide\"\/>\n\n\n\n<div class=\"wp-block-genesis-blocks-gb-columns gb-layout-service-3 gb-layout-columns-2 gb-2-col-equal gb-columns-center alignfull\" style=\"padding-top:3%;padding-right:5%;padding-bottom:3%;padding-left:3%\"><div class=\"gb-layout-column-wrap gb-block-layout-column-gap-4 gb-is-responsive-column\" style=\"max-width:1200px\">\n<div class=\"wp-block-genesis-blocks-gb-column gb-block-layout-column\"><div class=\"gb-block-layout-column-inner\">\n<figure class=\"wp-block-image size-full\"><img loading=\"lazy\" decoding=\"async\" width=\"1024\" height=\"1024\" src=\"https:\/\/www.visitingmallorca.com\/wp-content\/uploads\/2023\/12\/mbh-hab.jpg\" alt=\"\" class=\"wp-image-1941\" srcset=\"https:\/\/www.visitingmallorca.com\/wp-content\/uploads\/2023\/12\/mbh-hab.jpg 1024w, https:\/\/www.visitingmallorca.com\/wp-content\/uploads\/2023\/12\/mbh-hab-300x300.jpg 300w, https:\/\/www.visitingmallorca.com\/wp-content\/uploads\/2023\/12\/mbh-hab-150x150.jpg 150w, https:\/\/www.visitingmallorca.com\/wp-content\/uploads\/2023\/12\/mbh-hab-768x768.jpg 768w, https:\/\/www.visitingmallorca.com\/wp-content\/uploads\/2023\/12\/mbh-hab-100x100.jpg 100w, https:\/\/www.visitingmallorca.com\/wp-content\/uploads\/2023\/12\/mbh-hab-600x600.jpg 600w\" sizes=\"auto, (max-width: 1024px) 100vw, 1024px\" \/><\/figure>\n<\/div><\/div>\n\n\n\n<div class=\"wp-block-genesis-blocks-gb-column gb-block-layout-column gb-is-vertically-aligned-center\"><div class=\"gb-block-layout-column-inner\">\n<h2 class=\"wp-block-heading\">Mon Boutique Hotel<\/h2>\n\n\n\n<p>El Mon Boutique Hotel, de 4 estrellas y <strong>ubicado en el coraz\u00f3n del casco antiguo<\/strong> de Pollensa, ofrece una experiencia exclusiva y distinguida.<\/p>\n\n\n\n<p>Este hotel brinda la oportunidad de sumergirse en la vida cotidiana de un aut\u00e9ntico pueblo mediterr\u00e1neo, proporcionando tranquilidad y serenidad. Sus 18 <strong>habitaciones, dise\u00f1adas con elegancia<\/strong>, cuentan con balcones que ofrecen vistas a la plaza, amplias camas y mobiliario de dise\u00f1o.<\/p>\n\n\n\n<p>Se invita a los hu\u00e9spedes a disfrutar de la azotea al atardecer para contemplar las impresionantes vistas y <strong>darse un refrescante ba\u00f1o en la piscina.<\/strong><\/p>\n\n\n\n<p> El Mon Boutique Hotel promete una visita inolvidable a Mallorca, gracias a su estilo, confort y excepcional servicio.<\/p>\n\n\n\n<div class=\"wp-block-genesis-blocks-gb-button gb-block-button\"><a href=\"https:\/\/www.monboutiquehotel.com\/?lang=es&amp;utm_source=visitingmallorca.com&amp;utm_medium=referral\" class=\"gb-button gb-button-shape-rounded gb-button-size-medium\" style=\"color:#ffffff;background-color:#008285\">VISITA LA WEB<\/a><\/div>\n<\/div><\/div>\n<\/div><\/div>\n\n\n\n<hr class=\"wp-block-separator has-alpha-channel-opacity is-style-wide\"\/>\n\n\n\n<div class=\"wp-block-genesis-blocks-gb-columns gb-layout-service-3 gb-layout-columns-2 gb-2-col-equal gb-columns-center alignfull\" style=\"padding-top:3%;padding-right:5%;padding-bottom:3%;padding-left:3%\"><div class=\"gb-layout-column-wrap gb-block-layout-column-gap-4 gb-is-responsive-column\" style=\"max-width:1200px\">\n<div class=\"wp-block-genesis-blocks-gb-column gb-block-layout-column\"><div class=\"gb-block-layout-column-inner\">\n<figure class=\"wp-block-image size-full\"><img loading=\"lazy\" decoding=\"async\" width=\"1024\" height=\"1024\" src=\"https:\/\/www.visitingmallorca.com\/wp-content\/uploads\/2023\/12\/mr-pl.jpg\" alt=\"\" class=\"wp-image-1945\" srcset=\"https:\/\/www.visitingmallorca.com\/wp-content\/uploads\/2023\/12\/mr-pl.jpg 1024w, https:\/\/www.visitingmallorca.com\/wp-content\/uploads\/2023\/12\/mr-pl-300x300.jpg 300w, https:\/\/www.visitingmallorca.com\/wp-content\/uploads\/2023\/12\/mr-pl-150x150.jpg 150w, https:\/\/www.visitingmallorca.com\/wp-content\/uploads\/2023\/12\/mr-pl-768x768.jpg 768w, https:\/\/www.visitingmallorca.com\/wp-content\/uploads\/2023\/12\/mr-pl-100x100.jpg 100w, https:\/\/www.visitingmallorca.com\/wp-content\/uploads\/2023\/12\/mr-pl-600x600.jpg 600w\" sizes=\"auto, (max-width: 1024px) 100vw, 1024px\" \/><\/figure>\n<\/div><\/div>\n\n\n\n<div class=\"wp-block-genesis-blocks-gb-column gb-block-layout-column gb-is-vertically-aligned-center\"><div class=\"gb-block-layout-column-inner\">\n<h2 class=\"wp-block-heading\">Mon Restaurant<\/h2>\n\n\n\n<p>Mon Restaurant ofrece una experiencia culinaria \u00fanica con <strong>una selecci\u00f3n de deliciosas tapas<\/strong>, preparadas por un experimentado chef.<\/p>\n\n\n\n<p>Cada plato representa <strong>una armoniosa mezcla de sabores que reflejan las tradiciones culinarias de la regi\u00f3n<\/strong>. <\/p>\n\n\n\n<p>Ideal tanto para gourmets experimentados como para aquellos nuevos en la exploraci\u00f3n gastron\u00f3mica, Mon Restaurant invita a disfrutar de los exquisitos sabores de Mallorca.<\/p>\n\n\n\n<div class=\"wp-block-genesis-blocks-gb-button gb-block-button\"><a href=\"https:\/\/www.monrestaurant.es\/?utm_source=visitingmallorca.com&amp;utm_medium=referral\" class=\"gb-button gb-button-shape-rounded gb-button-size-medium\" style=\"color:#ffffff;background-color:#008285\">VISITA LA WEB<\/a><\/div>\n<\/div><\/div>\n<\/div><\/div>\n\n\n\n<hr class=\"wp-block-separator has-alpha-channel-opacity is-style-wide\"\/>\n\n\n\n<div class=\"wp-block-genesis-blocks-gb-columns gb-slate-section-feature-text-columns gb-slate-feature-text-columns gb-layout-columns-1 one-column gb-has-custom-background-color gb-has-custom-text-color gb-columns-center alignfull\" style=\"padding-top:2em;padding-right:1em;padding-bottom:2em;padding-left:1em;background-color:#ffffff;color:#1f1f1f\"><div class=\"gb-layout-column-wrap gb-block-layout-column-gap-2 gb-is-responsive-column\" style=\"max-width:1200px\">\n<div class=\"wp-block-genesis-blocks-gb-column gb-block-layout-column\"><div class=\"gb-block-layout-column-inner\">\n<div class=\"wp-block-genesis-blocks-gb-columns gb-layout-columns-1 one-column gb-columns-center\"><div class=\"gb-layout-column-wrap gb-block-layout-column-gap-2 gb-is-responsive-column\" style=\"max-width:840px\">\n<div class=\"wp-block-genesis-blocks-gb-column gb-block-layout-column\"><div class=\"gb-block-layout-column-inner\">\n<h2 class=\"wp-block-heading has-text-align-center has-text-color\" style=\"color:#1f1f1f;font-size:40px\">Encuentra el mejor alojamiento vacacacional en Mallorca<\/h2>\n\n\n\n<p class=\"has-text-align-center has-text-color\" style=\"color:#1f1f1f\">Seleccionar el alojamiento vacacional perfecto en Mallorca es clave para disfrutar al m\u00e1ximo de esta maravillosa isla. Aqu\u00ed te ofrecemos una gu\u00eda detallada para encontrar la opci\u00f3n que mejor se ajuste a tus necesidades y expectativas.<\/p>\n<\/div><\/div>\n<\/div><\/div>\n<\/div><\/div>\n<\/div><\/div>\n\n\n\n<div class=\"wp-block-genesis-blocks-gb-columns gb-slate-section-numbered-list-and-image gb-layout-columns-1 gb-1-col-equal gb-has-custom-background-color gb-has-custom-text-color gb-columns-center alignfull\" style=\"padding-top:2em;padding-right:1em;padding-bottom:2em;padding-left:1em;background-color:#ffffff;color:#1f1f1f\"><div class=\"gb-layout-column-wrap gb-block-layout-column-gap-3 gb-is-responsive-column\" style=\"max-width:1200px\">\n<div class=\"wp-block-genesis-blocks-gb-column gb-block-layout-column gb-is-vertically-aligned-center\"><div class=\"gb-block-layout-column-inner\">\n<ol class=\"gpb-number-list wp-block-list\">\n<li><strong>Ubicaci\u00f3n Estrat\u00e9gica<\/strong><br>Escoge una ubicaci\u00f3n que complemente tus planes. \u00bfBuscas relax? Opta por \u00e1reas tranquilas. \u00bfAventura y turismo? Prefieres lugares cerca de atracciones clave. Mallorca es diversa: desde sus encantadoras playas hasta sus impresionantes monta\u00f1as y pueblos hist\u00f3ricos.<\/li>\n\n\n\n<li><strong>Variedad en Tipos de Alojamiento<\/strong><br>Mallorca te ofrece hoteles, apartamentos, casas rurales, y lujosas villas. \u00bfQuieres una experiencia \u00fanica? Considera alojarte en una finca rural o en un agroturismo para un contacto m\u00e1s cercano con la cultura local.<\/li>\n\n\n\n<li><strong>Presupuesto Adecuado<\/strong><br>Determina tu presupuesto considerando no solo el coste del alojamiento, sino tambi\u00e9n gastos adicionales. Mallorca tiene opciones para cada bolsillo.<\/li>\n\n\n\n<li><strong>Comodidades y Servicios Esenciales<\/strong><br>\u00bfQu\u00e9 necesitas para una estancia confortable? Wi-Fi, aire acondicionado, piscina, jacuzzi&#8230; Prioriza lo que es imprescindible para ti.<\/li>\n\n\n\n<li><strong>Espacio y Privacidad<\/strong><br>Si viajas en grupo, considera el tama\u00f1o y la distribuci\u00f3n del alojamiento. La privacidad y el confort son fundamentales.<\/li>\n\n\n\n<li><strong>Opiniones de Viajeros<\/strong><br>Inf\u00f3rmate a trav\u00e9s de las experiencias y comentarios de otros turistas. Esto te dar\u00e1 una idea m\u00e1s clara de lo que puedes esperar.<\/li>\n\n\n\n<li><strong>Seguridad Garantizada<\/strong><br>Elige alojamientos en zonas seguras de Mallorca y verifica las medidas de seguridad ofrecidas. Aseg\u00farate de tener f\u00e1cil contacto con el establecimiento.<\/li>\n\n\n\n<li><strong>Accesibilidad<\/strong><br>Si tienes necesidades especiales de movilidad, verifica la accesibilidad del alojamiento.<\/li>\n\n\n\n<li><strong><strong>Temporada de Viaje<\/strong><\/strong><br>Considera las temporadas altas y bajas en Mallorca para planificar tu viaje.<\/li>\n\n\n\n<li><strong>Actividades Locales<\/strong><br>Elige un alojamiento que te permita acceder f\u00e1cilmente a las actividades de tu inter\u00e9s en la isla.<\/li>\n<\/ol>\n<\/div><\/div>\n<\/div><\/div>\n\n\n\n<div class=\"wp-block-genesis-blocks-gb-columns gb-slate-section-text-with-cta gb-slate-text-with-cta gb-layout-columns-1 gb-1-col-equal gb-has-background-dim gb-has-background-dim-30 gb-has-custom-background-color gb-has-custom-text-color gb-columns-center alignfull\" style=\"padding-top:9em;padding-right:1em;padding-bottom:9em;padding-left:1em;background-color:#1f1f1f;color:#f5f5f5;background-position:50% 52%\"><div class=\"gb-layout-column-wrap gb-block-layout-column-gap-3 gb-is-responsive-column\" style=\"max-width:872px\">\n<div class=\"wp-block-genesis-blocks-gb-column gb-block-layout-column\"><div class=\"gb-block-layout-column-inner\">\n<h2 class=\"wp-block-heading has-text-align-center has-text-color\" style=\"color:#f5f5f5;font-size:40px\">Tu Alojamiento Ideal en Mallorca<\/h2>\n\n\n\n<h2 class=\"wp-block-heading has-text-align-center has-text-color\" style=\"color:#f5f5f5;font-size:40px\">\u00a1Elige y Disfruta!<\/h2>\n\n\n\n<p class=\"has-text-align-center has-text-color\" style=\"color:#f5f5f5\">Con esta gu\u00eda, estar\u00e1s un paso m\u00e1s cerca de encontrar el alojamiento vacacional perfecto en Mallorca, asegurando una experiencia memorable y ajustada a tus preferencias y necesidades.<\/p>\n\n\n\n<p class=\"has-text-align-center\">As\u00ed que imag\u00ednate comenzar tus d\u00edas al ritmo de las olas del mar, disfrutar de noches estrelladas con una refrescante copa de sangr\u00eda y sumergirte en la cultura local. No te olvides de tu protector solar, trae tu apetito de aventura (y de tapas) y prep\u00e1rate para tu viaje al coraz\u00f3n del Mediterr\u00e1neo. \u00a1Vamos a Mallorca!<\/p>\n\n\n\n<div class=\"wp-block-buttons is-horizontal is-content-justification-center is-layout-flex wp-container-core-buttons-is-layout-499968f5 wp-block-buttons-is-layout-flex\"><\/div>\n<\/div><\/div>\n<\/div><\/div>\n","protected":false},"excerpt":{"rendered":"","protected":false},"author":1,"featured_media":0,"parent":0,"menu_order":0,"comment_status":"closed","ping_status":"closed","template":"","meta":{"_genesis_hide_title":true,"_genesis_hide_breadcrumbs":true,"_genesis_hide_singular_image":false,"_genesis_hide_footer_widgets":false,"_genesis_custom_body_class":"","_genesis_custom_post_class":"","_genesis_layout":"full-width-content","footnotes":""},"class_list":{"0":"post-1687","1":"page","2":"type-page","3":"status-publish","5":"entry","6":"has-post-thumbnail"},"yoast_head":"<!-- This site is optimized with the Yoast SEO plugin v27.5 - https:\/\/yoast.com\/product\/yoast-seo-wordpress\/ -->\n<title>Alojamiento Vacacional en Mallorca<\/title>\n<meta name=\"description\" content=\"Explora los mejores alojamientos en Mallorca: desde hoteles boutique hasta tranquilas villas. \u00a1Vive una experiencia \u00fanica con nuestras opciones m\u00e1s selectas!\" \/>\n<meta name=\"robots\" content=\"index, follow, max-snippet:-1, max-image-preview:large, max-video-preview:-1\" \/>\n<link rel=\"canonical\" href=\"https:\/\/www.visitingmallorca.com\/es\/alojamiento-vacacional-mallorca\/\" \/>\n<meta property=\"og:locale\" content=\"es_ES\" \/>\n<meta property=\"og:type\" content=\"article\" \/>\n<meta property=\"og:title\" content=\"Alojamiento Vacacional en Mallorca\" \/>\n<meta property=\"og:description\" content=\"Explora los mejores alojamientos en Mallorca: desde hoteles boutique hasta tranquilas villas. \u00a1Vive una experiencia \u00fanica con nuestras opciones m\u00e1s selectas!\" \/>\n<meta property=\"og:url\" content=\"https:\/\/www.visitingmallorca.com\/es\/alojamiento-vacacional-mallorca\/\" \/>\n<meta property=\"og:site_name\" content=\"Visiting Mallorca\" \/>\n<meta property=\"article:modified_time\" content=\"2024-01-22T17:55:48+00:00\" \/>\n<meta property=\"og:image\" content=\"https:\/\/www.visitingmallorca.com\/wp-content\/uploads\/2023\/12\/sv.jpg\" \/>\n<meta name=\"twitter:card\" content=\"summary_large_image\" \/>\n<meta name=\"twitter:label1\" content=\"Tiempo de lectura\" \/>\n\t<meta name=\"twitter:data1\" content=\"8 minutos\" \/>\n<script type=\"application\/ld+json\" class=\"yoast-schema-graph\">{\"@context\":\"https:\\\/\\\/schema.org\",\"@graph\":[{\"@type\":\"WebPage\",\"@id\":\"https:\\\/\\\/www.visitingmallorca.com\\\/es\\\/alojamiento-vacacional-mallorca\\\/\",\"url\":\"https:\\\/\\\/www.visitingmallorca.com\\\/es\\\/alojamiento-vacacional-mallorca\\\/\",\"name\":\"Alojamiento Vacacional en Mallorca\",\"isPartOf\":{\"@id\":\"https:\\\/\\\/www.visitingmallorca.com\\\/es\\\/#website\"},\"primaryImageOfPage\":{\"@id\":\"https:\\\/\\\/www.visitingmallorca.com\\\/es\\\/alojamiento-vacacional-mallorca\\\/#primaryimage\"},\"image\":{\"@id\":\"https:\\\/\\\/www.visitingmallorca.com\\\/es\\\/alojamiento-vacacional-mallorca\\\/#primaryimage\"},\"thumbnailUrl\":\"https:\\\/\\\/www.visitingmallorca.com\\\/wp-content\\\/uploads\\\/2023\\\/12\\\/sv.jpg\",\"datePublished\":\"2023-12-14T14:45:11+00:00\",\"dateModified\":\"2024-01-22T17:55:48+00:00\",\"description\":\"Explora los mejores alojamientos en Mallorca: desde hoteles boutique hasta tranquilas villas. \u00a1Vive una experiencia \u00fanica con nuestras opciones m\u00e1s selectas!\",\"breadcrumb\":{\"@id\":\"https:\\\/\\\/www.visitingmallorca.com\\\/es\\\/alojamiento-vacacional-mallorca\\\/#breadcrumb\"},\"inLanguage\":\"es\",\"potentialAction\":[{\"@type\":\"ReadAction\",\"target\":[\"https:\\\/\\\/www.visitingmallorca.com\\\/es\\\/alojamiento-vacacional-mallorca\\\/\"]}]},{\"@type\":\"ImageObject\",\"inLanguage\":\"es\",\"@id\":\"https:\\\/\\\/www.visitingmallorca.com\\\/es\\\/alojamiento-vacacional-mallorca\\\/#primaryimage\",\"url\":\"https:\\\/\\\/www.visitingmallorca.com\\\/wp-content\\\/uploads\\\/2023\\\/12\\\/sv.jpg\",\"contentUrl\":\"https:\\\/\\\/www.visitingmallorca.com\\\/wp-content\\\/uploads\\\/2023\\\/12\\\/sv.jpg\"},{\"@type\":\"BreadcrumbList\",\"@id\":\"https:\\\/\\\/www.visitingmallorca.com\\\/es\\\/alojamiento-vacacional-mallorca\\\/#breadcrumb\",\"itemListElement\":[{\"@type\":\"ListItem\",\"position\":1,\"name\":\"Home\",\"item\":\"https:\\\/\\\/www.visitingmallorca.com\\\/es\\\/\"},{\"@type\":\"ListItem\",\"position\":2,\"name\":\"Alojamiento Vacacional Mallorca\"}]},{\"@type\":\"WebSite\",\"@id\":\"https:\\\/\\\/www.visitingmallorca.com\\\/es\\\/#website\",\"url\":\"https:\\\/\\\/www.visitingmallorca.com\\\/es\\\/\",\"name\":\"Visiting Mallorca\",\"description\":\"\",\"publisher\":{\"@id\":\"https:\\\/\\\/www.visitingmallorca.com\\\/es\\\/#organization\"},\"potentialAction\":[{\"@type\":\"SearchAction\",\"target\":{\"@type\":\"EntryPoint\",\"urlTemplate\":\"https:\\\/\\\/www.visitingmallorca.com\\\/es\\\/?s={search_term_string}\"},\"query-input\":{\"@type\":\"PropertyValueSpecification\",\"valueRequired\":true,\"valueName\":\"search_term_string\"}}],\"inLanguage\":\"es\"},{\"@type\":\"Organization\",\"@id\":\"https:\\\/\\\/www.visitingmallorca.com\\\/es\\\/#organization\",\"name\":\"Visiting Mallorca\",\"url\":\"https:\\\/\\\/www.visitingmallorca.com\\\/es\\\/\",\"logo\":{\"@type\":\"ImageObject\",\"inLanguage\":\"es\",\"@id\":\"https:\\\/\\\/www.visitingmallorca.com\\\/es\\\/#\\\/schema\\\/logo\\\/image\\\/\",\"url\":\"https:\\\/\\\/www.visitingmallorca.com\\\/wp-content\\\/uploads\\\/2022\\\/06\\\/cropped-logo.png\",\"contentUrl\":\"https:\\\/\\\/www.visitingmallorca.com\\\/wp-content\\\/uploads\\\/2022\\\/06\\\/cropped-logo.png\",\"width\":1822,\"height\":399,\"caption\":\"Visiting Mallorca\"},\"image\":{\"@id\":\"https:\\\/\\\/www.visitingmallorca.com\\\/es\\\/#\\\/schema\\\/logo\\\/image\\\/\"}}]}<\/script>\n<!-- \/ Yoast SEO plugin. -->","yoast_head_json":{"title":"Alojamiento Vacacional en Mallorca","description":"Explora los mejores alojamientos en Mallorca: desde hoteles boutique hasta tranquilas villas. \u00a1Vive una experiencia \u00fanica con nuestras opciones m\u00e1s selectas!","robots":{"index":"index","follow":"follow","max-snippet":"max-snippet:-1","max-image-preview":"max-image-preview:large","max-video-preview":"max-video-preview:-1"},"canonical":"https:\/\/www.visitingmallorca.com\/es\/alojamiento-vacacional-mallorca\/","og_locale":"es_ES","og_type":"article","og_title":"Alojamiento Vacacional en Mallorca","og_description":"Explora los mejores alojamientos en Mallorca: desde hoteles boutique hasta tranquilas villas. \u00a1Vive una experiencia \u00fanica con nuestras opciones m\u00e1s selectas!","og_url":"https:\/\/www.visitingmallorca.com\/es\/alojamiento-vacacional-mallorca\/","og_site_name":"Visiting Mallorca","article_modified_time":"2024-01-22T17:55:48+00:00","og_image":[{"url":"https:\/\/www.visitingmallorca.com\/wp-content\/uploads\/2023\/12\/sv.jpg","type":"","width":"","height":""}],"twitter_card":"summary_large_image","twitter_misc":{"Tiempo de lectura":"8 minutos"},"schema":{"@context":"https:\/\/schema.org","@graph":[{"@type":"WebPage","@id":"https:\/\/www.visitingmallorca.com\/es\/alojamiento-vacacional-mallorca\/","url":"https:\/\/www.visitingmallorca.com\/es\/alojamiento-vacacional-mallorca\/","name":"Alojamiento Vacacional en Mallorca","isPartOf":{"@id":"https:\/\/www.visitingmallorca.com\/es\/#website"},"primaryImageOfPage":{"@id":"https:\/\/www.visitingmallorca.com\/es\/alojamiento-vacacional-mallorca\/#primaryimage"},"image":{"@id":"https:\/\/www.visitingmallorca.com\/es\/alojamiento-vacacional-mallorca\/#primaryimage"},"thumbnailUrl":"https:\/\/www.visitingmallorca.com\/wp-content\/uploads\/2023\/12\/sv.jpg","datePublished":"2023-12-14T14:45:11+00:00","dateModified":"2024-01-22T17:55:48+00:00","description":"Explora los mejores alojamientos en Mallorca: desde hoteles boutique hasta tranquilas villas. \u00a1Vive una experiencia \u00fanica con nuestras opciones m\u00e1s selectas!","breadcrumb":{"@id":"https:\/\/www.visitingmallorca.com\/es\/alojamiento-vacacional-mallorca\/#breadcrumb"},"inLanguage":"es","potentialAction":[{"@type":"ReadAction","target":["https:\/\/www.visitingmallorca.com\/es\/alojamiento-vacacional-mallorca\/"]}]},{"@type":"ImageObject","inLanguage":"es","@id":"https:\/\/www.visitingmallorca.com\/es\/alojamiento-vacacional-mallorca\/#primaryimage","url":"https:\/\/www.visitingmallorca.com\/wp-content\/uploads\/2023\/12\/sv.jpg","contentUrl":"https:\/\/www.visitingmallorca.com\/wp-content\/uploads\/2023\/12\/sv.jpg"},{"@type":"BreadcrumbList","@id":"https:\/\/www.visitingmallorca.com\/es\/alojamiento-vacacional-mallorca\/#breadcrumb","itemListElement":[{"@type":"ListItem","position":1,"name":"Home","item":"https:\/\/www.visitingmallorca.com\/es\/"},{"@type":"ListItem","position":2,"name":"Alojamiento Vacacional Mallorca"}]},{"@type":"WebSite","@id":"https:\/\/www.visitingmallorca.com\/es\/#website","url":"https:\/\/www.visitingmallorca.com\/es\/","name":"Visiting Mallorca","description":"","publisher":{"@id":"https:\/\/www.visitingmallorca.com\/es\/#organization"},"potentialAction":[{"@type":"SearchAction","target":{"@type":"EntryPoint","urlTemplate":"https:\/\/www.visitingmallorca.com\/es\/?s={search_term_string}"},"query-input":{"@type":"PropertyValueSpecification","valueRequired":true,"valueName":"search_term_string"}}],"inLanguage":"es"},{"@type":"Organization","@id":"https:\/\/www.visitingmallorca.com\/es\/#organization","name":"Visiting Mallorca","url":"https:\/\/www.visitingmallorca.com\/es\/","logo":{"@type":"ImageObject","inLanguage":"es","@id":"https:\/\/www.visitingmallorca.com\/es\/#\/schema\/logo\/image\/","url":"https:\/\/www.visitingmallorca.com\/wp-content\/uploads\/2022\/06\/cropped-logo.png","contentUrl":"https:\/\/www.visitingmallorca.com\/wp-content\/uploads\/2022\/06\/cropped-logo.png","width":1822,"height":399,"caption":"Visiting Mallorca"},"image":{"@id":"https:\/\/www.visitingmallorca.com\/es\/#\/schema\/logo\/image\/"}}]}},"featured_image_src":null,"featured_image_src_square":null,"_links":{"self":[{"href":"https:\/\/www.visitingmallorca.com\/es\/wp-json\/wp\/v2\/pages\/1687","targetHints":{"allow":["GET"]}}],"collection":[{"href":"https:\/\/www.visitingmallorca.com\/es\/wp-json\/wp\/v2\/pages"}],"about":[{"href":"https:\/\/www.visitingmallorca.com\/es\/wp-json\/wp\/v2\/types\/page"}],"author":[{"embeddable":true,"href":"https:\/\/www.visitingmallorca.com\/es\/wp-json\/wp\/v2\/users\/1"}],"replies":[{"embeddable":true,"href":"https:\/\/www.visitingmallorca.com\/es\/wp-json\/wp\/v2\/comments?post=1687"}],"version-history":[{"count":130,"href":"https:\/\/www.visitingmallorca.com\/es\/wp-json\/wp\/v2\/pages\/1687\/revisions"}],"predecessor-version":[{"id":2030,"href":"https:\/\/www.visitingmallorca.com\/es\/wp-json\/wp\/v2\/pages\/1687\/revisions\/2030"}],"wp:attachment":[{"href":"https:\/\/www.visitingmallorca.com\/es\/wp-json\/wp\/v2\/media?parent=1687"}],"curies":[{"name":"wp","href":"https:\/\/api.w.org\/{rel}","templated":true}]}}